{"id":39681,"date":"2024-07-15T14:42:40","date_gmt":"2024-07-15T14:42:40","guid":{"rendered":"https:\/\/www.morenaelettrodomestici.com\/?post_type=product&#038;p=39681"},"modified":"2025-04-29T18:15:39","modified_gmt":"2025-04-29T18:15:39","slug":"bosch-kgn39vweq-frigorifero-combinato-e-366-litri-no-frost-bianco","status":"publish","type":"product","link":"https:\/\/www.morenaelettrodomestici.com\/en\/shop\/bosch-kgn39vweq-frigorifero-combinato-e-366-litri-no-frost-bianco\/","title":{"rendered":"BOSCH KGN39VWEQ Frigorifero Combinato E 366 Litri No Frost Bianco"},"content":{"rendered":"<p><strong>Tecnologia inverter intelligente<\/strong>: sensori termici monitorano costantemente la temperatura all&#8217;interno e all&#8217;esterno del frigorifero integrato, e il compressore adegua proattivamente le proprie prestazioni.<br \/>L&#8217;interazione intelligente tra sensori termici, elettronica e compressore ha un nome: Tecnologia inverter intelligente. I sensori termici monitorano costantemente la temperatura all&#8217;interno e all&#8217;esterno del frigorifero integrato. Le variazioni sono immediatamente riportate al sistema elettronico affinch\u00e9 il compressore adegui le proprie prestazioni in base alla situazione corrente.<br \/><strong>Perfect Fit:<\/strong> l&#8217;apparecchio pu\u00f2 essere posizionato a ridosso di pareti o mobili, anche in una nicchia<br \/>I sensori FreshSense monitorano e controllano costantemente le condizioni di temperatura del frigorifero e dell&#8217;ambiente, mantenendo una temperatura costante nelle due cavit\u00e0.<\/p>\n<p><strong>FreshSense<\/strong>: la temperatura perfetta di conservazione.<br \/>Grazie alle condizioni di conservazione ottimali, gli alimenti mantengono la consistenza ideale; il gelato, per esempio, non \u00e8 n\u00e9 troppo morbido, n\u00e9 troppo duro. Una temperatura costante all&#8217;interno del frigorifero \u00e8 un fattore decisivo per ottenere maggiore freschezza e aroma. I sensori FreshSense monitorano e controllano costantemente la temperatura ambiente, del frigorifero e del congelatore. Ne deriva una temperatura costante nel frigorifero, indipendentemente dalla temperatura esTerna.<br \/><strong>SuperCooling<\/strong> attivabile da display, per raffreddare pi\u00f9 in fretta i cibi<br \/>Capacit\u00e0 netta totale: 368 l<br \/>Sistema raffreddamento congelatore: No Frost<br \/>Consumo energetico annuale:238 kWh<br \/><strong>Prestazioni&nbsp;<\/strong><br \/>Autonomia Black-Out:16 h<br \/>Capacit\u00e0 di congelamento: 14 kg\/24h<br \/>Classe climatica: SN-T<br \/>Classe emissione rumore: C<br \/>Rumorosit\u00e0: 39 dB(A)<br \/>Sistema Multi Flow: S\u00ec<br \/>Zona 0 gradi<br \/>Controllo separato temperatura<br \/>Numero di compressori:<br \/>4 stelle congelatore<br \/>Temperatura ambiente minima (\u00b0C): 10<br \/>Controllo elettronico della temperatura:<br \/>Temperatura ambiente massima (\u00b0C): 43<br \/><strong>Funzioni e programmi<\/strong><br \/>Congelamento rapido:<br \/>Sistema sbrinamento frigorifero: Automatico<br \/>Sistema sbrinamento congelatore Automatico<\/p>","protected":false},"excerpt":{"rendered":"<p>\u2022 Classe di efficienza energetica: E<br \/>\u2022 Sistema raffreddamento frigo: No Frost<br \/>\u2022 Capacit\u00e0 netta frigorifero: 279 l<br \/>\u2022 Capacit\u00e0 netta congelatore: 89 l<br \/>\u2022 Dimensioni (AxLxP): 203 x60X70<br \/>\u2022Griglia portabottiglie<\/p>","protected":false},"featured_media":39789,"template":"","meta":[],"product_brand":[],"product_cat":[108,107,88],"product_tag":[653,155,697],"class_list":["post-39681","product","type-product","status-publish","has-post-thumbnail","product_cat-combinato","product_cat-frigoriferi","product_cat-grandi-elettrodomestici","product_tag-bosch","product_tag-frigoriferi-combinati","product_tag-frigoriferi-nofrost","pa_colore-bianco","pa_larghezza-60cm","pa_marca-bosch","first","instock","sale","purchasable","product-type-simple"],"yoast_head":"<!-- This site is optimized with the Yoast SEO plugin v27.6 - https:\/\/yoast.com\/product\/yoast-seo-wordpress\/ -->\n<title>BOSCH KGN39VWEQ Frigorifero Combinato E 366 Litri No Frost Bianco - Morena Elettrodomestici<\/title>\n<meta name=\"description\" content=\"Acquista BOSCH KGN39VWEQ Frigorifero Combinato E 366 Litri No Frost Bianco su Morena Elettrodomestici. Il tuo Negozio di Fiducia online con prezzi competitivi e prodotti di alta qualit\u00e0!\" \/>\n<meta name=\"robots\" content=\"index, follow, max-snippet:-1, max-image-preview:large, max-video-preview:-1\" \/>\n<link rel=\"canonical\" href=\"https:\/\/www.morenaelettrodomestici.com\/en\/shop\/bosch-kgn39vweq-frigorifero-combinato-e-366-litri-no-frost-bianco\/\" \/>\n<meta property=\"og:locale\" content=\"en_GB\" \/>\n<meta property=\"og:type\" content=\"article\" \/>\n<meta property=\"og:title\" content=\"BOSCH KGN39VWEQ Frigorifero Combinato E 366 Litri No Frost Bianco - Morena Elettrodomestici\" \/>\n<meta property=\"og:description\" content=\"Acquista BOSCH KGN39VWEQ Frigorifero Combinato E 366 Litri No Frost Bianco su Morena Elettrodomestici. Il tuo Negozio di Fiducia online con prezzi competitivi e prodotti di alta qualit\u00e0!\" \/>\n<meta property=\"og:url\" content=\"https:\/\/www.morenaelettrodomestici.com\/en\/shop\/bosch-kgn39vweq-frigorifero-combinato-e-366-litri-no-frost-bianco\/\" \/>\n<meta property=\"og:site_name\" content=\"Morena Elettrodomestici\" \/>\n<meta property=\"article:publisher\" content=\"https:\/\/www.facebook.com\/morenaelettrodomestici\/\" \/>\n<meta property=\"article:modified_time\" content=\"2025-04-29T18:15:39+00:00\" \/>\n<meta property=\"og:image\" content=\"https:\/\/www.morenaelettrodomestici.com\/wp-content\/uploads\/2024\/07\/FRIGO-COMBINAto-1.jpg\" \/>\n\t<meta property=\"og:image:width\" content=\"700\" \/>\n\t<meta property=\"og:image:height\" content=\"700\" \/>\n\t<meta property=\"og:image:type\" content=\"image\/jpeg\" \/>\n<meta name=\"twitter:card\" content=\"summary_large_image\" \/>\n<meta name=\"twitter:label1\" content=\"Estimated reading time\" \/>\n\t<meta name=\"twitter:data1\" content=\"1 minute\" \/>\n<script type=\"application\/ld+json\" class=\"yoast-schema-graph\">{\"@context\":\"https:\\\/\\\/schema.org\",\"@graph\":[{\"@type\":\"WebPage\",\"@id\":\"https:\\\/\\\/www.morenaelettrodomestici.com\\\/shop\\\/bosch-kgn39vweq-frigorifero-combinato-e-366-litri-no-frost-bianco\\\/\",\"url\":\"https:\\\/\\\/www.morenaelettrodomestici.com\\\/shop\\\/bosch-kgn39vweq-frigorifero-combinato-e-366-litri-no-frost-bianco\\\/\",\"name\":\"BOSCH KGN39VWEQ Frigorifero Combinato E 366 Litri No Frost Bianco - Morena Elettrodomestici\",\"isPartOf\":{\"@id\":\"https:\\\/\\\/www.morenaelettrodomestici.com\\\/#website\"},\"primaryImageOfPage\":{\"@id\":\"https:\\\/\\\/www.morenaelettrodomestici.com\\\/shop\\\/bosch-kgn39vweq-frigorifero-combinato-e-366-litri-no-frost-bianco\\\/#primaryimage\"},\"image\":{\"@id\":\"https:\\\/\\\/www.morenaelettrodomestici.com\\\/shop\\\/bosch-kgn39vweq-frigorifero-combinato-e-366-litri-no-frost-bianco\\\/#primaryimage\"},\"thumbnailUrl\":\"https:\\\/\\\/www.morenaelettrodomestici.com\\\/wp-content\\\/uploads\\\/2024\\\/07\\\/FRIGO-COMBINAto-1.jpg\",\"datePublished\":\"2024-07-15T14:42:40+00:00\",\"dateModified\":\"2025-04-29T18:15:39+00:00\",\"description\":\"Acquista BOSCH KGN39VWEQ Frigorifero Combinato E 366 Litri No Frost Bianco su Morena Elettrodomestici. Il tuo Negozio di Fiducia online con prezzi competitivi e prodotti di alta qualit\u00e0!\",\"breadcrumb\":{\"@id\":\"https:\\\/\\\/www.morenaelettrodomestici.com\\\/shop\\\/bosch-kgn39vweq-frigorifero-combinato-e-366-litri-no-frost-bianco\\\/#breadcrumb\"},\"inLanguage\":\"en-GB\",\"potentialAction\":[{\"@type\":\"ReadAction\",\"target\":[\"https:\\\/\\\/www.morenaelettrodomestici.com\\\/shop\\\/bosch-kgn39vweq-frigorifero-combinato-e-366-litri-no-frost-bianco\\\/\"]}]},{\"@type\":\"ImageObject\",\"inLanguage\":\"en-GB\",\"@id\":\"https:\\\/\\\/www.morenaelettrodomestici.com\\\/shop\\\/bosch-kgn39vweq-frigorifero-combinato-e-366-litri-no-frost-bianco\\\/#primaryimage\",\"url\":\"https:\\\/\\\/www.morenaelettrodomestici.com\\\/wp-content\\\/uploads\\\/2024\\\/07\\\/FRIGO-COMBINAto-1.jpg\",\"contentUrl\":\"https:\\\/\\\/www.morenaelettrodomestici.com\\\/wp-content\\\/uploads\\\/2024\\\/07\\\/FRIGO-COMBINAto-1.jpg\",\"width\":700,\"height\":700},{\"@type\":\"BreadcrumbList\",\"@id\":\"https:\\\/\\\/www.morenaelettrodomestici.com\\\/shop\\\/bosch-kgn39vweq-frigorifero-combinato-e-366-litri-no-frost-bianco\\\/#breadcrumb\",\"itemListElement\":[{\"@type\":\"ListItem\",\"position\":1,\"name\":\"Home\",\"item\":\"https:\\\/\\\/www.morenaelettrodomestici.com\\\/\"},{\"@type\":\"ListItem\",\"position\":2,\"name\":\"Shop\",\"item\":\"https:\\\/\\\/www.morenaelettrodomestici.com\\\/shop\\\/\"},{\"@type\":\"ListItem\",\"position\":3,\"name\":\"BOSCH KGN39VWEQ Frigorifero Combinato E 366 Litri No Frost Bianco\"}]},{\"@type\":\"WebSite\",\"@id\":\"https:\\\/\\\/www.morenaelettrodomestici.com\\\/#website\",\"url\":\"https:\\\/\\\/www.morenaelettrodomestici.com\\\/\",\"name\":\"Morena\",\"description\":\"I migliori elettrodomestici a prezzi folli\",\"publisher\":{\"@id\":\"https:\\\/\\\/www.morenaelettrodomestici.com\\\/#organization\"},\"potentialAction\":[{\"@type\":\"SearchAction\",\"target\":{\"@type\":\"EntryPoint\",\"urlTemplate\":\"https:\\\/\\\/www.morenaelettrodomestici.com\\\/?s={search_term_string}\"},\"query-input\":{\"@type\":\"PropertyValueSpecification\",\"valueRequired\":true,\"valueName\":\"search_term_string\"}}],\"inLanguage\":\"en-GB\"},{\"@type\":\"Organization\",\"@id\":\"https:\\\/\\\/www.morenaelettrodomestici.com\\\/#organization\",\"name\":\"Morena Elettrodomestici\",\"url\":\"https:\\\/\\\/www.morenaelettrodomestici.com\\\/\",\"logo\":{\"@type\":\"ImageObject\",\"inLanguage\":\"en-GB\",\"@id\":\"https:\\\/\\\/www.morenaelettrodomestici.com\\\/#\\\/schema\\\/logo\\\/image\\\/\",\"url\":\"https:\\\/\\\/www.morenaelettrodomestici.com\\\/wp-content\\\/uploads\\\/2024\\\/05\\\/logo_Morena_srls-TRASPARENTE.png\",\"contentUrl\":\"https:\\\/\\\/www.morenaelettrodomestici.com\\\/wp-content\\\/uploads\\\/2024\\\/05\\\/logo_Morena_srls-TRASPARENTE.png\",\"width\":2264,\"height\":718,\"caption\":\"Morena Elettrodomestici\"},\"image\":{\"@id\":\"https:\\\/\\\/www.morenaelettrodomestici.com\\\/#\\\/schema\\\/logo\\\/image\\\/\"},\"sameAs\":[\"https:\\\/\\\/www.facebook.com\\\/morenaelettrodomestici\\\/\",\"https:\\\/\\\/www.instagram.com\\\/morena.elettrodomestici\\\/\",\"https:\\\/\\\/www.linkedin.com\\\/company-beta\\\/10507375\\\/\",\"https:\\\/\\\/www.youtube.com\\\/channel\\\/UCgdTfdgRUeVEnhI2Z4GRlFA\"]}]}<\/script>\n<!-- \/ Yoast SEO plugin. -->","yoast_head_json":{"title":"BOSCH KGN39VWEQ Frigorifero Combinato E 366 Litri No Frost Bianco - Morena Elettrodomestici","description":"Acquista BOSCH KGN39VWEQ Frigorifero Combinato E 366 Litri No Frost Bianco su Morena Elettrodomestici. Il tuo Negozio di Fiducia online con prezzi competitivi e prodotti di alta qualit\u00e0!","robots":{"index":"index","follow":"follow","max-snippet":"max-snippet:-1","max-image-preview":"max-image-preview:large","max-video-preview":"max-video-preview:-1"},"canonical":"https:\/\/www.morenaelettrodomestici.com\/en\/shop\/bosch-kgn39vweq-frigorifero-combinato-e-366-litri-no-frost-bianco\/","og_locale":"en_GB","og_type":"article","og_title":"BOSCH KGN39VWEQ Frigorifero Combinato E 366 Litri No Frost Bianco - Morena Elettrodomestici","og_description":"Acquista BOSCH KGN39VWEQ Frigorifero Combinato E 366 Litri No Frost Bianco su Morena Elettrodomestici. Il tuo Negozio di Fiducia online con prezzi competitivi e prodotti di alta qualit\u00e0!","og_url":"https:\/\/www.morenaelettrodomestici.com\/en\/shop\/bosch-kgn39vweq-frigorifero-combinato-e-366-litri-no-frost-bianco\/","og_site_name":"Morena Elettrodomestici","article_publisher":"https:\/\/www.facebook.com\/morenaelettrodomestici\/","article_modified_time":"2025-04-29T18:15:39+00:00","og_image":[{"width":700,"height":700,"url":"https:\/\/www.morenaelettrodomestici.com\/wp-content\/uploads\/2024\/07\/FRIGO-COMBINAto-1.jpg","type":"image\/jpeg"}],"twitter_card":"summary_large_image","twitter_misc":{"Estimated reading time":"1 minute"},"schema":{"@context":"https:\/\/schema.org","@graph":[{"@type":"WebPage","@id":"https:\/\/www.morenaelettrodomestici.com\/shop\/bosch-kgn39vweq-frigorifero-combinato-e-366-litri-no-frost-bianco\/","url":"https:\/\/www.morenaelettrodomestici.com\/shop\/bosch-kgn39vweq-frigorifero-combinato-e-366-litri-no-frost-bianco\/","name":"BOSCH KGN39VWEQ Frigorifero Combinato E 366 Litri No Frost Bianco - Morena Elettrodomestici","isPartOf":{"@id":"https:\/\/www.morenaelettrodomestici.com\/#website"},"primaryImageOfPage":{"@id":"https:\/\/www.morenaelettrodomestici.com\/shop\/bosch-kgn39vweq-frigorifero-combinato-e-366-litri-no-frost-bianco\/#primaryimage"},"image":{"@id":"https:\/\/www.morenaelettrodomestici.com\/shop\/bosch-kgn39vweq-frigorifero-combinato-e-366-litri-no-frost-bianco\/#primaryimage"},"thumbnailUrl":"https:\/\/www.morenaelettrodomestici.com\/wp-content\/uploads\/2024\/07\/FRIGO-COMBINAto-1.jpg","datePublished":"2024-07-15T14:42:40+00:00","dateModified":"2025-04-29T18:15:39+00:00","description":"Acquista BOSCH KGN39VWEQ Frigorifero Combinato E 366 Litri No Frost Bianco su Morena Elettrodomestici. Il tuo Negozio di Fiducia online con prezzi competitivi e prodotti di alta qualit\u00e0!","breadcrumb":{"@id":"https:\/\/www.morenaelettrodomestici.com\/shop\/bosch-kgn39vweq-frigorifero-combinato-e-366-litri-no-frost-bianco\/#breadcrumb"},"inLanguage":"en-GB","potentialAction":[{"@type":"ReadAction","target":["https:\/\/www.morenaelettrodomestici.com\/shop\/bosch-kgn39vweq-frigorifero-combinato-e-366-litri-no-frost-bianco\/"]}]},{"@type":"ImageObject","inLanguage":"en-GB","@id":"https:\/\/www.morenaelettrodomestici.com\/shop\/bosch-kgn39vweq-frigorifero-combinato-e-366-litri-no-frost-bianco\/#primaryimage","url":"https:\/\/www.morenaelettrodomestici.com\/wp-content\/uploads\/2024\/07\/FRIGO-COMBINAto-1.jpg","contentUrl":"https:\/\/www.morenaelettrodomestici.com\/wp-content\/uploads\/2024\/07\/FRIGO-COMBINAto-1.jpg","width":700,"height":700},{"@type":"BreadcrumbList","@id":"https:\/\/www.morenaelettrodomestici.com\/shop\/bosch-kgn39vweq-frigorifero-combinato-e-366-litri-no-frost-bianco\/#breadcrumb","itemListElement":[{"@type":"ListItem","position":1,"name":"Home","item":"https:\/\/www.morenaelettrodomestici.com\/"},{"@type":"ListItem","position":2,"name":"Shop","item":"https:\/\/www.morenaelettrodomestici.com\/shop\/"},{"@type":"ListItem","position":3,"name":"BOSCH KGN39VWEQ Frigorifero Combinato E 366 Litri No Frost Bianco"}]},{"@type":"WebSite","@id":"https:\/\/www.morenaelettrodomestici.com\/#website","url":"https:\/\/www.morenaelettrodomestici.com\/","name":"Morena","description":"I migliori elettrodomestici a prezzi folli","publisher":{"@id":"https:\/\/www.morenaelettrodomestici.com\/#organization"},"potentialAction":[{"@type":"SearchAction","target":{"@type":"EntryPoint","urlTemplate":"https:\/\/www.morenaelettrodomestici.com\/?s={search_term_string}"},"query-input":{"@type":"PropertyValueSpecification","valueRequired":true,"valueName":"search_term_string"}}],"inLanguage":"en-GB"},{"@type":"Organization","@id":"https:\/\/www.morenaelettrodomestici.com\/#organization","name":"Morena Elettrodomestici","url":"https:\/\/www.morenaelettrodomestici.com\/","logo":{"@type":"ImageObject","inLanguage":"en-GB","@id":"https:\/\/www.morenaelettrodomestici.com\/#\/schema\/logo\/image\/","url":"https:\/\/www.morenaelettrodomestici.com\/wp-content\/uploads\/2024\/05\/logo_Morena_srls-TRASPARENTE.png","contentUrl":"https:\/\/www.morenaelettrodomestici.com\/wp-content\/uploads\/2024\/05\/logo_Morena_srls-TRASPARENTE.png","width":2264,"height":718,"caption":"Morena Elettrodomestici"},"image":{"@id":"https:\/\/www.morenaelettrodomestici.com\/#\/schema\/logo\/image\/"},"sameAs":["https:\/\/www.facebook.com\/morenaelettrodomestici\/","https:\/\/www.instagram.com\/morena.elettrodomestici\/","https:\/\/www.linkedin.com\/company-beta\/10507375\/","https:\/\/www.youtube.com\/channel\/UCgdTfdgRUeVEnhI2Z4GRlFA"]}]}},"_links":{"self":[{"href":"https:\/\/www.morenaelettrodomestici.com\/en\/wp-json\/wp\/v2\/product\/39681","targetHints":{"allow":["GET"]}}],"collection":[{"href":"https:\/\/www.morenaelettrodomestici.com\/en\/wp-json\/wp\/v2\/product"}],"about":[{"href":"https:\/\/www.morenaelettrodomestici.com\/en\/wp-json\/wp\/v2\/types\/product"}],"version-history":[{"count":0,"href":"https:\/\/www.morenaelettrodomestici.com\/en\/wp-json\/wp\/v2\/product\/39681\/revisions"}],"wp:featuredmedia":[{"embeddable":true,"href":"https:\/\/www.morenaelettrodomestici.com\/en\/wp-json\/wp\/v2\/media\/39789"}],"wp:attachment":[{"href":"https:\/\/www.morenaelettrodomestici.com\/en\/wp-json\/wp\/v2\/media?parent=39681"}],"wp:term":[{"taxonomy":"product_brand","embeddable":true,"href":"https:\/\/www.morenaelettrodomestici.com\/en\/wp-json\/wp\/v2\/product_brand?post=39681"},{"taxonomy":"product_cat","embeddable":true,"href":"https:\/\/www.morenaelettrodomestici.com\/en\/wp-json\/wp\/v2\/product_cat?post=39681"},{"taxonomy":"product_tag","embeddable":true,"href":"https:\/\/www.morenaelettrodomestici.com\/en\/wp-json\/wp\/v2\/product_tag?post=39681"}],"curies":[{"name":"wp","href":"https:\/\/api.w.org\/{rel}","templated":true}]}}