{"id":51572,"date":"2026-04-20T16:14:55","date_gmt":"2026-04-20T16:14:55","guid":{"rendered":"https:\/\/www.morenaelettrodomestici.com\/?post_type=product&#038;p=51572"},"modified":"2026-04-20T16:21:46","modified_gmt":"2026-04-20T16:21:46","slug":"cbnstb-579i-liebherr-frigorifero-combinato","status":"publish","type":"product","link":"https:\/\/www.morenaelettrodomestici.com\/en\/shop\/cbnstb-579i-liebherr-frigorifero-combinato\/","title":{"rendered":"CBNstb 579i LIEBHERR Frigorifero Combinato"},"content":{"rendered":"<p><button id=\"accordion-button-0-rAcjcf\" class=\"accordion-item-button\" type=\"button\" aria-expanded=\"true\" aria-controls=\"accordion-panel-0-gHmwcX\">Apparecchiature<\/button><\/p>\n<div id=\"accordion-panel-0-gHmwcX\" class=\"accordion-item-panel\" role=\"region\" aria-labelledby=\"accordion-button-0-rAcjcf\">\n<div class=\"content-wrapper\">\n<section class=\"mt-8 first:mt-0 md:mt-10 first:md:mt-0 xl:mt-16 first:xl:mt-0\">\n<section class=\"flexarticle bg-white text-black\">\n<div class=\"content-container-padding clearfix xl:content-container\">\n<div class=\"mb-4 md:float-left md:mr-8 md:w-[calc(50%-theme(spacing.4))]\" data-testid=\"t-medium\">\n<div>\n<div class=\"w-full\">\n<div class=\"relative cursor-pointer\"><img decoding=\"async\" class=\"object-cover mx-auto\" src=\"https:\/\/assets-cdn.liebherr.com\/versions\/f30faece-2a98-4b42-b892-9822e7f176df\/w-1280_h-1280_f-webp\/liebherr-CFRS22_BioFresh%20Professional.webp\" alt=\"\" \/><button class=\"absolute bottom-0 right-0 mb-2 mr-2 flex items-center justify-center text-[32px] hover:text-steel-600 xl:p-1 bg-steel-100 text-black\" type=\"button\" data-testid=\"zoom-icon\" aria-label=\"Ingrandisci immagine\"><\/button><\/div>\n<\/div>\n<\/div>\n<\/div>\n<div class=\"md:!pr-0 md:pl-[52%] xl:!pr-0 xl:pl-[52%] xl:pr-0\">\n<div class=\"lh-domelement\" role=\"presentation\">\n<h3>BioFresh Professional<\/h3>\n<p>Il cassetto BioFresh Professional permette di conservare gli alimenti freschi pi\u00f9 a lungo, con un effetto sorprendente offerto da HydroBreeze, una nebbia fredda che si posa su frutta e verdura come un balsamo protettivo. In combinazione con una temperatura di poco superiore a 0 \u00b0C e all\u2019elevato livello di umidit\u00e0, \u00e8 il posto migliore per conservare frutta e verdura non confezionate.<\/p>\n<\/div>\n<\/div>\n<\/div>\n<\/section>\n<\/section>\n<section class=\"mt-8 first:mt-0 md:mt-10 first:md:mt-0 xl:mt-16 first:xl:mt-0\">\n<section class=\"flexarticle bg-white text-black\">\n<div class=\"content-container-padding clearfix xl:content-container\">\n<div class=\"mb-4 md:float-right md:ml-8 md:w-[calc(50%-theme(spacing.4))]\" data-testid=\"t-medium\">\n<div>\n<div class=\"w-full\">\n<div class=\"relative cursor-pointer\"><img decoding=\"async\" class=\"object-cover mx-auto\" src=\"https:\/\/assets-cdn.liebherr.com\/versions\/5cfd6fdd-c7e3-4975-9f35-48fd9a01427a\/w-1280_h-1280_f-webp\/liebherr-CFRS22_BioFresh%20Hydrobreeze.webp\" alt=\"\" \/><button class=\"absolute bottom-0 right-0 mb-2 mr-2 flex items-center justify-center text-[32px] hover:text-steel-600 xl:p-1 bg-steel-100 text-black\" type=\"button\" data-testid=\"zoom-icon\" aria-label=\"Ingrandisci immagine\"><\/button><\/div>\n<\/div>\n<\/div>\n<\/div>\n<div class=\"md:!pr-[52%] xl:!pr-[52%] xl:pr-0\">\n<div class=\"lh-domelement\" role=\"presentation\">\n<h3>BioFresh con HydroBreeze<\/h3>\n<p>Volete conservare frutta e verdura in modo professionale? HydroBreeze vi entusiasmer\u00e0: la nebbia fredda infatti, abbinata a una temperatura appena sopra 0 \u00b0C nel cassetto, \u00e8 proprio quello che ci vuole per conservare pi\u00f9 a lungo gli alimenti. Senza contare l\u2019effetto ottico a sorpresa. HydroBreeze si attiva ogni 90\u00a0minuti per 4\u00a0secondi e per 8\u00a0secondi all\u2019apertura della porta.<\/p>\n<\/div>\n<\/div>\n<\/div>\n<\/section>\n<\/section>\n<section class=\"mt-8 first:mt-0 md:mt-10 first:md:mt-0 xl:mt-16 first:xl:mt-0\">\n<section class=\"flexarticle bg-white text-black\">\n<div class=\"content-container-padding clearfix xl:content-container\">\n<div class=\"mb-4 md:float-left md:mr-8 md:w-[calc(50%-theme(spacing.4))]\" data-testid=\"t-medium\">\n<div>\n<div class=\"w-full\">\n<div class=\"relative cursor-pointer\"><img decoding=\"async\" class=\"object-cover mx-auto\" src=\"https:\/\/assets-cdn.liebherr.com\/versions\/b062e50a-b3f0-44b8-ad1d-3e0c728cca47\/w-1280_h-1280_f-webp\/liebherr-CFRS22_BioFresh%20Fruit%20Vegetable-Safe.webp\" alt=\"\" \/><button class=\"absolute bottom-0 right-0 mb-2 mr-2 flex items-center justify-center text-[32px] hover:text-steel-600 xl:p-1 bg-steel-100 text-black\" type=\"button\" data-testid=\"zoom-icon\" aria-label=\"Ingrandisci immagine\"><\/button><\/div>\n<\/div>\n<\/div>\n<\/div>\n<div class=\"md:!pr-0 md:pl-[52%] xl:!pr-0 xl:pl-[52%] xl:pr-0\">\n<div class=\"lh-domelement\" role=\"presentation\">\n<h3>Cassetto Safe per frutta e verdura<\/h3>\n<p>Insalata fresca o fragole: per preservarne pi\u00f9 a lungo la freschezza, i cibi pi\u00f9 delicati meritano un posto speciale: I cassetti Safe BioFresh. Nel &#8220;cassetto Safe per frutta e verdura&#8221; la temperatura si aggira intorno a 0 \u00b0C. L&#8217;umidit\u00e0 permanente e la chiusura ermetica fanno del cassetto l\u2019ambiente ideale per frutta e verdura non confezionate. Non occorre regolare niente.<\/p>\n<\/div>\n<\/div>\n<\/div>\n<\/section>\n<\/section>\n<section class=\"mt-8 first:mt-0 md:mt-10 first:md:mt-0 xl:mt-16 first:xl:mt-0\">\n<section class=\"flexarticle bg-white text-black\">\n<div class=\"content-container-padding clearfix xl:content-container\">\n<div class=\"mb-4 md:float-right md:ml-8 md:w-[calc(50%-theme(spacing.4))]\" data-testid=\"t-medium\">\n<div>\n<div class=\"w-full\">\n<div class=\"relative cursor-pointer\"><img decoding=\"async\" class=\"object-cover mx-auto\" src=\"https:\/\/assets-cdn.liebherr.com\/versions\/44eb8943-87ac-4321-8ecc-fcba25ba4fa1\/w-1280_h-1280_f-webp\/liebherr-CFRS22_BioFresh%20Meat%20Diary-Safe.webp\" alt=\"\" \/><button class=\"absolute bottom-0 right-0 mb-2 mr-2 flex items-center justify-center text-[32px] hover:text-steel-600 xl:p-1 bg-steel-100 text-black\" type=\"button\" data-testid=\"zoom-icon\" aria-label=\"Ingrandisci immagine\"><\/button><\/div>\n<\/div>\n<\/div>\n<\/div>\n<div class=\"md:!pr-[52%] xl:!pr-[52%] xl:pr-0\">\n<div class=\"lh-domelement\" role=\"presentation\">\n<h3>Cassetto Safe per carne e latticini<\/h3>\n<p>Vuoi che il filetto di vitello o il latte fresco si conservi il pi\u00f9 a lungo possibile? A ci\u00f2 provvedono i cassetti Safe BioFresh: nel &#8220;cassetto Safe per carne e latticini&#8221; la temperatura si aggira intorno a 0 \u00b0C \u2013 condizioni di conservazione ideali anche per i prodotti alimentari pi\u00f9 sensibili. E ci\u00f2 non basta: tutto \u00e8 perfettamente regolato in fabbrica per un utilizzo immediato \u2013 per preservare pi\u00f9 a lungo la freschezza.<\/p>\n<\/div>\n<\/div>\n<\/div>\n<\/section>\n<\/section>\n<section class=\"mt-8 first:mt-0 md:mt-10 first:md:mt-0 xl:mt-16 first:xl:mt-0\">\n<section class=\"flexarticle bg-white text-black\">\n<div class=\"content-container-padding clearfix xl:content-container\">\n<div class=\"mb-4 md:float-left md:mr-8 md:w-[calc(50%-theme(spacing.4))]\" data-testid=\"t-medium\">\n<div>\n<div class=\"w-full\">\n<div class=\"relative cursor-pointer\"><img decoding=\"async\" class=\"object-cover mx-auto\" src=\"https:\/\/assets-cdn.liebherr.com\/versions\/3027f982-1a5f-411e-a394-42b03e509c10\/w-1280_h-1280_f-webp\/liebherr-CFRS22_NoFrost.webp\" alt=\"\" \/><button class=\"absolute bottom-0 right-0 mb-2 mr-2 flex items-center justify-center text-[32px] hover:text-steel-600 xl:p-1 bg-steel-100 text-black\" type=\"button\" data-testid=\"zoom-icon\" aria-label=\"Ingrandisci immagine\"><\/button><\/div>\n<\/div>\n<\/div>\n<\/div>\n<div class=\"md:!pr-0 md:pl-[52%] xl:!pr-0 xl:pl-[52%] xl:pr-0\">\n<div class=\"lh-domelement\" role=\"presentation\">\n<h3>NoFrost<\/h3>\n<p>Quando apri il congelatore, desideri vedere i prodotti congelati, ma certamente non ghiaccio o brina. NoFrost protegge il vano congelatore dal ghiaccio indesiderato, che oltretutto consuma molta energia generando costi molto alti. NoFrost significa: non dovrai pi\u00f9 sbrinare il vano congelatore \u2013 con risparmio di denaro, fatica e tempo da dedicare ad altro.<\/p>\n<\/div>\n<\/div>\n<\/div>\n<\/section>\n<\/section>\n<section class=\"mt-8 first:mt-0 md:mt-10 first:md:mt-0 xl:mt-16 first:xl:mt-0\">\n<section class=\"flexarticle bg-white text-black\">\n<div class=\"content-container-padding clearfix xl:content-container\">\n<div class=\"mb-4 md:float-right md:ml-8 md:w-[calc(50%-theme(spacing.4))]\" data-testid=\"t-medium\">\n<div>\n<div class=\"w-full\">\n<div class=\"relative cursor-pointer\"><img decoding=\"async\" class=\"object-cover mx-auto\" src=\"https:\/\/assets-cdn.liebherr.com\/versions\/15fd8a82-b5d7-4d90-b35c-f3c752cdf56a\/w-1280_h-1280_f-webp\/liebherr-CFRS22_DuoCooling.webp\" alt=\"\" \/><button class=\"absolute bottom-0 right-0 mb-2 mr-2 flex items-center justify-center text-[32px] hover:text-steel-600 xl:p-1 bg-steel-100 text-black\" type=\"button\" data-testid=\"zoom-icon\" aria-label=\"Ingrandisci immagine\"><\/button><\/div>\n<\/div>\n<\/div>\n<\/div>\n<div class=\"md:!pr-[52%] xl:!pr-[52%] xl:pr-0\">\n<div class=\"lh-domelement\" role=\"presentation\">\n<h3>DuoCooling<\/h3>\n<p>Nessuno scambio dell\u2019aria tra il vano frigorifero e il vano congelatore grazie ai due circuiti di refrigerazione completamente indipendenti che caratterizzano DuoCooling. Gli alimenti preservano cos\u00ec la loro freschezza e non ha luogo alcun passaggio di odori. In altre parole: minore spreco, acquisti meno frequenti ma, al contempo, maggior risparmio e migliore conservazione del cibo.<\/p>\n<\/div>\n<p><button id=\"accordion-button-1-YoCyLS\" class=\"accordion-item-button\" type=\"button\" aria-expanded=\"true\" aria-controls=\"accordion-panel-1-RAHkmP\">Dotazione aggiuntiva<\/button><\/p>\n<div id=\"accordion-panel-1-RAHkmP\" class=\"accordion-item-panel\" role=\"region\" aria-labelledby=\"accordion-button-1-YoCyLS\">\n<div class=\"content-wrapper\">\n<section data-testid=\"text-image-teaser\">\n<div class=\"content-container-padding xl:content-container lh-grid\">\n<section class=\"col-span-full grid grid-cols-1 gap-x-4 md:gap-x-8 xl:grid-cols-2\">\n<div class=\"relative mb-10 md:mb-16 md:grid-cols-8 md:gap-x-8 xl:grid-cols-1 md:grid xl:grid-cols-6\" data-testid=\"tit-item\">\n<div class=\"relative md:col-span-2 md:col-start-1 col-start-1 md:-mr-8 mr-0 md:mr-0 pb-6 md:mb-6 md:pb-0 xl:mb-0 xl:mr-0 xl:pb-6\">\n<div class=\"relative\"><img decoding=\"async\" class=\"object-cover mx-auto\" src=\"https:\/\/assets-cdn.liebherr.com\/versions\/4216c50b-a379-4338-a68e-5c5d87fcff3c\/original\/liebherr-CFRS22_InfinitySpring.webp\" alt=\"\" \/><\/div>\n<\/div>\n<div class=\"md:col-span-full md:col-start-3\">\n<div>\n<h2 class=\"mb-3 font-head text-h5 lh-domelement style_h5 mb-4\" data-testid=\"titi-headline\">InfinitySpring<\/h2>\n<div class=\"lh-domelement style_copy_mobile_small !mb-4 md:!mb-6\" role=\"presentation\" data-testid=\"titi-copytext\">Una fonte di acqua potabile raffreddata al punto giusto nella tua cucina: \u00e8 InfinitySpring, un nome che rimanda a un mondo incantato. L\u2019erogatore dell\u2019acqua consente di attingere acqua sempre fresca e pulita senza gocciolare. Per assaporarla basta esercitare una pressione sul pannello con la caraffa o il bicchiere. In questo modo, farai a meno di acquistare l\u2019acqua in bottiglia e contribuirai alla sostenibilit\u00e0 ambientale.<\/div>\n<\/div>\n<\/div>\n<div class=\"md:col-span-full md:col-start-3\"><\/div>\n<\/div>\n<div class=\"relative mb-10 md:mb-16 md:grid-cols-8 md:gap-x-8 xl:grid-cols-1 md:grid xl:grid-cols-6\" data-testid=\"tit-item\">\n<div class=\"relative md:col-span-2 md:col-start-1 col-start-1 md:-mr-8 mr-0 md:mr-0 pb-6 md:mb-6 md:pb-0 xl:mb-0 xl:mr-0 xl:pb-6\">\n<div class=\"relative\"><img decoding=\"async\" class=\"object-cover mx-auto\" src=\"https:\/\/assets-cdn.liebherr.com\/versions\/6622c54c-8b2f-4f03-87ff-95ba4754b8a3\/original\/liebherr-CFSW23_Integrated%20SmartDeviceBox.webp\" alt=\"\" \/><\/div>\n<\/div>\n<div class=\"md:col-span-full md:col-start-3\">\n<div>\n<h2 class=\"mb-3 font-head text-h5 lh-domelement style_h5 mb-4\" data-testid=\"titi-headline\"><a class=\"after:absolute after:inset-0 after:z-content after:content-['']\" href=\"https:\/\/www.liebherr.com\/it-it\/frigoriferi-congelatori\/smartdevice-3257385\">SmartDeviceBox integrato<\/a><\/h2>\n<div class=\"lh-domelement style_copy_mobile_small !mb-4 md:!mb-6\" role=\"presentation\" data-testid=\"titi-copytext\">Mentre il tuo Liebherr ti aspetta in cucina, tu potrai sempre collegarti con lui via Internet: lo SmartDeviceBox integrato \u00e8 la chiave per sfruttare tutti i vantaggi della gestione smart della casa. Ti basta inserirlo, accenderlo e connettere il tuo Liebherr via WLAN alla rete.<\/div>\n<\/div>\n<\/div>\n<div class=\"md:col-span-full md:col-start-3\">\n<div data-testid=\"tit-buttonlinklist\">\n<div class=\"mb-3\">\n<div class=\"md:max-w-max\" data-testid=\"cta-component\"><\/div>\n<\/div>\n<\/div>\n<\/div>\n<\/div>\n<\/section>\n<\/div>\n<\/section>\n<section data-testid=\"text-image-teaser\">\n<div class=\"content-container-padding xl:content-container lh-grid\">\n<section class=\"col-span-full grid grid-cols-1 gap-x-4 md:gap-x-8 xl:grid-cols-2\">\n<div class=\"relative mb-10 md:mb-16 md:grid-cols-8 md:gap-x-8 xl:grid-cols-1 md:grid xl:grid-cols-6\" data-testid=\"tit-item\">\n<div class=\"relative md:col-span-2 md:col-start-1 col-start-1 md:-mr-8 mr-0 md:mr-0 pb-6 md:mb-6 md:pb-0 xl:mb-0 xl:mr-0 xl:pb-6\">\n<div class=\"relative\"><img decoding=\"async\" class=\"object-cover mx-auto\" src=\"https:\/\/assets-cdn.liebherr.com\/versions\/cd5eba77-cf62-486a-824a-be41d9fbcfd1\/original\/liebherr-CFRS22_SmartSteel.webp\" alt=\"\" \/><\/div>\n<\/div>\n<div class=\"md:col-span-full md:col-start-3\">\n<div>\n<h2 class=\"mb-3 font-head text-h5 lh-domelement style_h5 mb-4\" data-testid=\"titi-headline\">SmartSteel<\/h2>\n<div class=\"lh-domelement style_copy_mobile_small !mb-4 md:!mb-6\" role=\"presentation\" data-testid=\"titi-copytext\">Grazie alla superficie SmartSteel, il design di questa apparecchiatura \u00e8 minimale e pulito, rendendola il complemento perfetto per qualsiasi cucina. La lucidatura orizzontale esalta l\u2019acciaio inox, conferendogli una lucentezza setosa e rendendolo piacevole al tatto. Lo speciale rivestimento minimizza le impronte e rende la superficie antigraffio, mantenendo sempre perfetto l\u2019aspetto dell\u2019apparecchiatura.<\/div>\n<\/div>\n<\/div>\n<div class=\"md:col-span-full md:col-start-3\"><\/div>\n<\/div>\n<div class=\"relative mb-10 md:mb-16 md:grid-cols-8 md:gap-x-8 xl:grid-cols-1 md:grid xl:grid-cols-6\" data-testid=\"tit-item\">\n<div class=\"relative md:col-span-2 md:col-start-1 col-start-1 md:-mr-8 mr-0 md:mr-0 pb-6 md:mb-6 md:pb-0 xl:mb-0 xl:mr-0 xl:pb-6\">\n<div class=\"relative\"><img decoding=\"async\" class=\"object-cover mx-auto\" src=\"https:\/\/assets-cdn.liebherr.com\/versions\/c8e933b1-8f4e-430e-b94d-93609041ff11\/original\/liebherr-CFRS22_VarioTemp.webp\" alt=\"\" \/><\/div>\n<\/div>\n<div class=\"md:col-span-full md:col-start-3\">\n<div>\n<h2 class=\"mb-3 font-head text-h5 lh-domelement style_h5 mb-4\" data-testid=\"titi-headline\">VarioTemp<\/h2>\n<div class=\"lh-domelement style_copy_mobile_small !mb-4 md:!mb-6\" role=\"presentation\" data-testid=\"titi-copytext\">Avrete la possibilit\u00e0 di conservare i vostri alimenti con grande flessibilit\u00e0: grazie a VarioTemp, potete impostare il vano congelatore del vostro frigorifero combinato a una temperatura esatta compresa tra -2 \u00b0C e +14 \u00b0C. In questo modo potrete utilizzarlo come zona di refrigerazione supplementare, ad esempio in occasione di feste, o come vano cantina.<\/div>\n<\/div>\n<\/div>\n<div class=\"md:col-span-full md:col-start-3\"><\/div>\n<\/div>\n<\/section>\n<\/div>\n<\/section>\n<section data-testid=\"text-image-teaser\">\n<div class=\"content-container-padding xl:content-container lh-grid\">\n<section class=\"col-span-full grid grid-cols-1 gap-x-4 md:gap-x-8 xl:grid-cols-2\">\n<div class=\"relative mb-10 md:mb-16 md:grid-cols-8 md:gap-x-8 xl:grid-cols-1 md:grid xl:grid-cols-6\" data-testid=\"tit-item\">\n<div class=\"relative md:col-span-2 md:col-start-1 col-start-1 md:-mr-8 mr-0 md:mr-0 pb-6 md:mb-6 md:pb-0 xl:mb-0 xl:mr-0 xl:pb-6\">\n<div class=\"relative\"><img decoding=\"async\" class=\"object-cover mx-auto\" src=\"https:\/\/assets-cdn.liebherr.com\/versions\/3d185ad9-3bd8-425d-bfc7-bda09836ced9\/original\/liebherr-CFRS22_Ambient%20lighting.webp\" alt=\"\" \/><\/div>\n<\/div>\n<div class=\"md:col-span-full md:col-start-3\">\n<div>\n<h2 class=\"mb-3 font-head text-h5 lh-domelement style_h5 mb-4\" data-testid=\"titi-headline\">Illuminazione interna<\/h2>\n<div class=\"lh-domelement style_copy_mobile_small !mb-4 md:!mb-6\" role=\"presentation\" data-testid=\"titi-copytext\">La luce fa sempre risaltare tratti particolari del design \u2013 in questo l\u2019illuminazione interna del tuo frigorifero non \u00e8 da meno. L&#8217;illuminazione a tutto tondo sottolinea aspetti unici nel vano interno. Si crea quindi, insieme alla parete posteriore realizzata in SmartSteel e al ventilatore nero lucido, un&#8217;atmosfera prettamente suggestiva.<\/div>\n<\/div>\n<\/div>\n<div class=\"md:col-span-full md:col-start-3\"><\/div>\n<\/div>\n<div class=\"relative mb-10 md:mb-16 md:grid-cols-8 md:gap-x-8 xl:grid-cols-1 md:grid xl:grid-cols-6\" data-testid=\"tit-item\">\n<div class=\"relative md:col-span-2 md:col-start-1 col-start-1 md:-mr-8 mr-0 md:mr-0 pb-6 md:mb-6 md:pb-0 xl:mb-0 xl:mr-0 xl:pb-6\">\n<div class=\"relative\"><img decoding=\"async\" class=\"object-cover mx-auto\" src=\"https:\/\/assets-cdn.liebherr.com\/versions\/2c151b96-4f53-4bf3-96f1-0ff886ac4d5f\/original\/liebherr-CFRS22_LightTower.webp\" alt=\"\" \/><\/div>\n<\/div>\n<div class=\"md:col-span-full md:col-start-3\">\n<h2 class=\"mb-3 font-head text-h5 lh-domelement style_h5 mb-4\" data-testid=\"titi-headline\">LightTower<\/h2>\n<div class=\"lh-domelement style_copy_mobile_small !mb-4 md:!mb-6\" role=\"presentation\" data-testid=\"titi-copytext\">Rallegrati degli effetti prodotti dalla luce nel vano interno: le LightTower conferiscono infatti un\u2019impronta luminosa a tutti gli alimenti e sono disposte in modo da illuminare completamente di luce diffusa il frigorifero. Considerato che le LightTower sono integrate a filo nei fianchi, avrai pi\u00f9 spazio a disposizione per gli alimenti.<\/div>\n<div role=\"presentation\" data-testid=\"titi-copytext\">\n<div class=\"accordion-item accordion-item--website is-default is-open is-adjacent\">\n<div id=\"accordion-panel-1-RAHkmP\" class=\"accordion-item-panel\" role=\"region\" aria-labelledby=\"accordion-button-1-YoCyLS\">\n<div class=\"content-wrapper\">\n<div class=\"\" data-testid=\"adfti-h\">\n<section data-testid=\"text-image-teaser\">\n<div class=\"content-container-padding xl:content-container lh-grid\">\n<section class=\"col-span-full grid grid-cols-1 gap-x-4 md:gap-x-8 xl:grid-cols-2\">\n<div class=\"relative mb-10 md:mb-16 md:grid-cols-8 md:gap-x-8 xl:grid-cols-1 md:grid xl:grid-cols-6\" data-testid=\"tit-item\">\n<div class=\"relative md:col-span-2 md:col-start-1 col-start-1 md:-mr-8 mr-0 md:mr-0 pb-6 md:mb-6 md:pb-0 xl:mb-0 xl:mr-0 xl:pb-6\">\n<div class=\"relative\"><img decoding=\"async\" class=\"object-cover mx-auto\" src=\"https:\/\/assets-cdn.liebherr.com\/versions\/f8b3424e-b526-4bfc-9e97-c6cf1fd2ebdf\/original\/liebherr-CFRS22_Touch-Swipe%20Display.webp\" alt=\"\" \/><\/div>\n<\/div>\n<div class=\"md:col-span-full md:col-start-3\">\n<div>\n<h2 class=\"mb-3 font-head text-h5 lh-domelement style_h5 mb-4\" data-testid=\"titi-headline\">Display Touch &amp; Swipe<\/h2>\n<div class=\"lh-domelement style_copy_mobile_small !mb-4 md:!mb-6\" role=\"presentation\" data-testid=\"titi-copytext\">Con un tocco ottieni ci\u00f2 che vuoi: con il display Touch &amp; Swipe eseguirai i comandi del tuo frigorifero in modo semplice e intuitivo. Per selezionare le funzioni come \u201cSuperCool\u201d basta premere e sfiorare i comandi sul display a colori. E con la stessa facilit\u00e0 regoli anche la temperatura. Cosa succede se non intervieni direttamente sul display? In questo caso esso ti mostrer\u00e0 la temperatura effettiva.<\/div>\n<\/div>\n<\/div>\n<div class=\"md:col-span-full md:col-start-3\"><\/div>\n<\/div>\n<div class=\"relative mb-10 md:mb-16 md:grid-cols-8 md:gap-x-8 xl:grid-cols-1 md:grid xl:grid-cols-6\" data-testid=\"tit-item\">\n<div class=\"relative md:col-span-2 md:col-start-1 col-start-1 md:-mr-8 mr-0 md:mr-0 pb-6 md:mb-6 md:pb-0 xl:mb-0 xl:mr-0 xl:pb-6\">\n<div class=\"relative\"><img decoding=\"async\" class=\"object-cover mx-auto\" src=\"https:\/\/assets-cdn.liebherr.com\/versions\/d8ce6835-3224-465a-a031-41a1e2f8633a\/original\/liebherr-CFRS22_Touch%20display%20integrated%20door.webp\" alt=\"\" \/><\/div>\n<\/div>\n<div class=\"md:col-span-full md:col-start-3\">\n<div>\n<h2 class=\"mb-3 font-head text-h5 lh-domelement style_h5 mb-4\" data-testid=\"titi-headline\">Display Touch da 2,4 pollici<\/h2>\n<div class=\"lh-domelement style_copy_mobile_small !mb-4 md:!mb-6\" role=\"presentation\" data-testid=\"titi-copytext\">I messaggi chiari fanno risparmiare tempo: per questo la vostra apparecchiatura Liebherr ha un display Touch &amp; Swipe da 2,4 pollici direttamente sulla porta. In questo modo si pu\u00f2 sempre leggere lo stato dell\u2019apparecchiatura e modificare le impostazioni. Il display Touch &amp; Swipe \u00e8 installato a filo nella porta. Grazie ai materiali di pregiata qualit\u00e0 e alla superficie luminosa di colore nero, si integra perfettamente nella vostra apparecchiatura Liebherr.<\/div>\n<\/div>\n<\/div>\n<div class=\"md:col-span-full md:col-start-3\"><\/div>\n<\/div>\n<\/section>\n<\/div>\n<\/section>\n<section data-testid=\"text-image-teaser\">\n<div class=\"content-container-padding xl:content-container lh-grid\">\n<section class=\"col-span-full grid grid-cols-1 gap-x-4 md:gap-x-8 xl:grid-cols-2\">\n<div class=\"relative mb-10 md:mb-16 md:grid-cols-8 md:gap-x-8 xl:grid-cols-1 md:grid xl:grid-cols-6\" data-testid=\"tit-item\">\n<div class=\"relative md:col-span-2 md:col-start-1 col-start-1 md:-mr-8 mr-0 md:mr-0 pb-6 md:mb-6 md:pb-0 xl:mb-0 xl:mr-0 xl:pb-6\">\n<div class=\"relative\"><img decoding=\"async\" class=\"object-cover mx-auto\" src=\"https:\/\/assets-cdn.liebherr.com\/versions\/60ea9dcc-df97-49f3-8c1c-49ea7302c4a7\/original\/liebherr-CFRS22_SmartSteel%20interior.webp\" alt=\"\" \/><\/div>\n<\/div>\n<div class=\"md:col-span-full md:col-start-3\">\n<div>\n<h2 class=\"mb-3 font-head text-h5 lh-domelement style_h5 mb-4\" data-testid=\"titi-headline\">SmartSteel nel vano interno<\/h2>\n<div class=\"lh-domelement style_copy_mobile_small !mb-4 md:!mb-6\" role=\"presentation\" data-testid=\"titi-copytext\">La finitura SmartSteel per la porta interna e sulla parete posteriore conferisce una nota pregiata al tuo Liebherr. Ma non solo: i tuoi cibi te ne saranno grati. L\u2019acciaio inossidabile \u00e8 infatti adatto per uso alimentare e, quindi, igienico. SmartSteel riduce inoltre la visibilit\u00e0 delle impronte \u2013 risaltando cos\u00ec il carattere estetico del tuo frigorifero.<\/div>\n<\/div>\n<\/div>\n<div class=\"md:col-span-full md:col-start-3\"><\/div>\n<\/div>\n<div class=\"relative mb-10 md:mb-16 md:grid-cols-8 md:gap-x-8 xl:grid-cols-1 md:grid xl:grid-cols-6\" data-testid=\"tit-item\">\n<div class=\"relative md:col-span-2 md:col-start-1 col-start-1 md:-mr-8 mr-0 md:mr-0 pb-6 md:mb-6 md:pb-0 xl:mb-0 xl:mr-0 xl:pb-6\">\n<div class=\"relative\"><img decoding=\"async\" class=\"object-cover mx-auto\" src=\"https:\/\/assets-cdn.liebherr.com\/versions\/22a0214c-51d8-4eb6-9c35-f2433d10178c\/original\/liebherr-CFRS22_IceMaker%20fixed%20water%20connection%20C.webp\" alt=\"\" \/><\/div>\n<\/div>\n<div class=\"md:col-span-full md:col-start-3\">\n<div>\n<h2 class=\"mb-3 font-head text-h5 lh-domelement style_h5 mb-4\" data-testid=\"titi-headline\">IceMaker con allacciamento idrico fisso<\/h2>\n<div class=\"lh-domelement style_copy_mobile_small !mb-4 md:!mb-6\" role=\"presentation\" data-testid=\"titi-copytext\">Ci sono ancora cubetti di ghiaccio? Se hai l&#8217;IceMaker, la domanda \u00e8 superflua. Con l&#8217;IceMaker collegabile alla rete idrica, l&#8217;acqua viene direttamente dal rubinetto. La funzione MaxIce consente di produrre fino a 1,5 kg di cubetti di ghiaccio al giorno. Con il divisore dello scomparto del ghiaccio, puoi suddividere lo scomparto a tuo piacimento e variare cos\u00ec la quantit\u00e0 di cubetti di ghiaccio &#8211; molto semplicemente e a seconda delle necessit\u00e0!<\/div>\n<\/div>\n<\/div>\n<div class=\"md:col-span-full md:col-start-3\"><\/div>\n<\/div>\n<\/section>\n<\/div>\n<\/section>\n<section data-testid=\"text-image-teaser\">\n<div class=\"content-container-padding xl:content-container lh-grid\">\n<section class=\"col-span-full grid grid-cols-1 gap-x-4 md:gap-x-8 xl:grid-cols-2\">\n<div class=\"relative mb-10 md:mb-16 md:grid-cols-8 md:gap-x-8 xl:grid-cols-1 md:grid xl:grid-cols-6\" data-testid=\"tit-item\">\n<div class=\"relative md:col-span-2 md:col-start-1 col-start-1 md:-mr-8 mr-0 md:mr-0 pb-6 md:mb-6 md:pb-0 xl:mb-0 xl:mr-0 xl:pb-6\">\n<div class=\"relative\"><img decoding=\"async\" class=\"object-cover mx-auto\" src=\"https:\/\/assets-cdn.liebherr.com\/versions\/868e868e-3ebf-4802-b60e-f644c5b0fb26\/original\/liebherr-CFUL21_LED%20IceMaker%20lighting.webp\" alt=\"\" \/><\/div>\n<\/div>\n<div class=\"md:col-span-full md:col-start-3\">\n<div>\n<h2 class=\"mb-3 font-head text-h5 lh-domelement style_h5 mb-4\" data-testid=\"titi-headline\">Illuminazione interna a LED dell\u2019IceMaker<\/h2>\n<div class=\"lh-domelement style_copy_mobile_small !mb-4 md:!mb-6\" role=\"presentation\" data-testid=\"titi-copytext\">Concediti ogni giorno una piccola dose di felicit\u00e0: dai semplicemente un&#8217;occhiata ai tuoi cubetti di ghiaccio. L&#8217;illuminazione interna dell&#8217;IceMaker conferisce loro, infatti, una nota di coolness. L&#8217;illuminazione interna a LED si attiva automaticamente all&#8217;apertura della porta. Guardare dei cubetti di ghiaccio illuminati non \u00e8 solo piacevole ma fa venire voglia di un drink ghiacciato.<\/div>\n<\/div>\n<\/div>\n<div class=\"md:col-span-full md:col-start-3\"><\/div>\n<\/div>\n<div class=\"relative mb-10 md:mb-16 md:grid-cols-8 md:gap-x-8 xl:grid-cols-1 md:grid xl:grid-cols-6\" data-testid=\"tit-item\">\n<div class=\"relative md:col-span-2 md:col-start-1 col-start-1 md:-mr-8 mr-0 md:mr-0 pb-6 md:mb-6 md:pb-0 xl:mb-0 xl:mr-0 xl:pb-6\">\n<div class=\"relative\"><img decoding=\"async\" class=\"object-cover mx-auto\" src=\"https:\/\/assets-cdn.liebherr.com\/versions\/3d553a36-3c69-4f28-b818-f0682bcaad8e\/original\/liebherr-CFRS22_SoftSystem.webp\" alt=\"\" \/><\/div>\n<\/div>\n<div class=\"md:col-span-full md:col-start-3\">\n<div>\n<h2 class=\"mb-3 font-head text-h5 lh-domelement style_h5 mb-4\" data-testid=\"titi-headline\">SoftSystem<\/h2>\n<div class=\"lh-domelement style_copy_mobile_small !mb-4 md:!mb-6\" role=\"presentation\" data-testid=\"titi-copytext\">Dalla colazione allo spuntino di mezzanotte \u2013 sono molte le tentazioni che ci inducono ad aprire e chiudere il frigorifero. E con Liebherr la cosa ha anche i suoi lati piacevoli: grazie al SoftSystem, la porta del frigorifero si chiude delicatamente e in modo sicuro, facile e silenzioso. Le bottiglie sistemate nella porta interna rimangono ferme al loro posto \u2013 senza sbattere od oscillare.<\/div>\n<\/div>\n<\/div>\n<div class=\"md:col-span-full md:col-start-3\"><\/div>\n<\/div>\n<\/section>\n<\/div>\n<\/section>\n<section data-testid=\"text-image-teaser\">\n<div class=\"content-container-padding xl:content-container lh-grid\">\n<section class=\"col-span-full grid grid-cols-1 gap-x-4 md:gap-x-8 xl:grid-cols-2\">\n<div class=\"relative mb-10 md:mb-16 md:grid-cols-8 md:gap-x-8 xl:grid-cols-1 md:grid xl:grid-cols-6\" data-testid=\"tit-item\">\n<div class=\"relative md:col-span-2 md:col-start-1 col-start-1 md:-mr-8 mr-0 md:mr-0 pb-6 md:mb-6 md:pb-0 xl:mb-0 xl:mr-0 xl:pb-6\">\n<div class=\"relative\"><img decoding=\"async\" class=\"object-cover mx-auto\" src=\"https:\/\/assets-cdn.liebherr.com\/versions\/849dc146-fd23-4993-afdf-dd6eae74432e\/original\/liebherr-CFRS22_SoftTelescopic.webp\" alt=\"\" \/><\/div>\n<\/div>\n<div class=\"md:col-span-full md:col-start-3\">\n<div>\n<h2 class=\"mb-3 font-head text-h5 lh-domelement style_h5 mb-4\" data-testid=\"titi-headline\">SoftTelescopic<\/h2>\n<div class=\"lh-domelement style_copy_mobile_small !mb-4 md:!mb-6\" role=\"presentation\" data-testid=\"titi-copytext\">Non vedi l&#8217;ora di aprire i tuoi cassetti Safe BioFresh: non solo per quello che c\u2019\u00e8 dentro, ma anche per la facilit\u00e0 di apertura e chiusura automatica ammortizzata che li caratterizza. A ci\u00f2 provvedono le guide telescopiche che guidano il movimento elastico dei cassetti. Ed essendo i cassetti completamente estraibili, ti sar\u00e0 possibile esaminarne al meglio il contenuto.<\/div>\n<\/div>\n<\/div>\n<div class=\"md:col-span-full md:col-start-3\"><\/div>\n<\/div>\n<div class=\"relative mb-10 md:mb-16 md:grid-cols-8 md:gap-x-8 xl:grid-cols-1 md:grid xl:grid-cols-6\" data-testid=\"tit-item\">\n<div class=\"relative md:col-span-2 md:col-start-1 col-start-1 md:-mr-8 mr-0 md:mr-0 pb-6 md:mb-6 md:pb-0 xl:mb-0 xl:mr-0 xl:pb-6\">\n<div class=\"relative\"><img decoding=\"async\" class=\"object-cover mx-auto\" src=\"https:\/\/assets-cdn.liebherr.com\/versions\/6eaae798-8c71-415d-b5b2-76e50f17d53b\/original\/liebherr-CFRS22_Recessed%20grip.webp\" alt=\"\" \/><\/div>\n<\/div>\n<div class=\"md:col-span-full md:col-start-3\">\n<div>\n<h2 class=\"mb-3 font-head text-h5 lh-domelement style_h5 mb-4\" data-testid=\"titi-headline\">Maniglia integrata<\/h2>\n<div class=\"lh-domelement style_copy_mobile_small !mb-4 md:!mb-6\" role=\"presentation\" data-testid=\"titi-copytext\">Speciale e funzionale: grazie alla maniglia ergonomica integrata in verticale, la porta si apre facilmente. Con il suo design moderno e minimalista, l&#8217;apparecchiatura si integra perfettamente in una cucina priva di maniglie.<\/div>\n<\/div>\n<\/div>\n<div class=\"md:col-span-full md:col-start-3\"><\/div>\n<\/div>\n<\/section>\n<\/div>\n<\/section>\n<section data-testid=\"text-image-teaser\">\n<div class=\"content-container-padding xl:content-container lh-grid\">\n<section class=\"col-span-full grid grid-cols-1 gap-x-4 md:gap-x-8 xl:grid-cols-2\">\n<div class=\"relative mb-10 md:mb-16 md:grid-cols-8 md:gap-x-8 xl:grid-cols-1 md:grid xl:grid-cols-6\" data-testid=\"tit-item\">\n<div class=\"relative md:col-span-2 md:col-start-1 col-start-1 md:-mr-8 mr-0 md:mr-0 pb-6 md:mb-6 md:pb-0 xl:mb-0 xl:mr-0 xl:pb-6\">\n<div class=\"relative\"><img decoding=\"async\" class=\"object-cover mx-auto\" src=\"https:\/\/assets-cdn.liebherr.com\/versions\/c62f65dd-9da8-4c09-a79a-d41201e5d45c\/original\/liebherr-CFRS22_InteriorFit.webp\" alt=\"\" \/><\/div>\n<\/div>\n<div class=\"md:col-span-full md:col-start-3\">\n<div>\n<h2 class=\"mb-3 font-head text-h5 lh-domelement style_h5 mb-4\" data-testid=\"titi-headline\">InteriorFit<\/h2>\n<div class=\"lh-domelement style_copy_mobile_small !mb-4 md:!mb-6\" role=\"presentation\" data-testid=\"titi-copytext\">Completate il design elegante della vostra cucina: le nostre apparecchiature possono essere perfettamente inserite in una nicchia profonda 60 cm. Solo la porta fuoriesce in modo netto garantendo l\u2019accesso ottimale alla maniglia incassata e alla maniglia tubolare. Cos\u00ec al centro dell\u2019attenzione rimane la cucina: con la vostra apparecchiatura Liebherr che ne rappresenta il cuore e l\u2019elemento di spicco.<\/div>\n<\/div>\n<\/div>\n<div class=\"md:col-span-full md:col-start-3\"><\/div>\n<\/div>\n<div class=\"relative mb-10 md:mb-16 md:grid-cols-8 md:gap-x-8 xl:grid-cols-1 md:grid xl:grid-cols-6\" data-testid=\"tit-item\">\n<div class=\"relative md:col-span-2 md:col-start-1 col-start-1 md:-mr-8 mr-0 md:mr-0 pb-6 md:mb-6 md:pb-0 xl:mb-0 xl:mr-0 xl:pb-6\">\n<div class=\"relative\"><img decoding=\"async\" class=\"object-cover mx-auto\" src=\"https:\/\/assets-cdn.liebherr.com\/versions\/1d7f7744-c2c2-4d48-afe1-9d3145c10810\/original\/liebherr-CFUL21_PowerCooling-System%20black.webp\" alt=\"\" \/><\/div>\n<\/div>\n<div class=\"md:col-span-full md:col-start-3\">\n<div>\n<h2 class=\"mb-3 font-head text-h5 lh-domelement style_h5 mb-4\" data-testid=\"titi-headline\">Sistema PowerCooling<\/h2>\n<div class=\"lh-domelement style_copy_mobile_small !mb-4 md:!mb-6\" role=\"presentation\" data-testid=\"titi-copytext\">Desideri una distribuzione del freddo pressoch\u00e9 uniforme nel frigorifero? A ci\u00f2 provvede il sistema PowerCooling: il ventilatore potente e, al contempo, silenzioso distribuisce in modo efficiente l&#8217;aria fredda in tutto il vano frigo.<\/div>\n<\/div>\n<\/div>\n<div class=\"md:col-span-full md:col-start-3\"><\/div>\n<\/div>\n<\/section>\n<\/div>\n<\/section>\n<section data-testid=\"text-image-teaser\">\n<div class=\"content-container-padding xl:content-container lh-grid\">\n<section class=\"col-span-full grid grid-cols-1 gap-x-4 md:gap-x-8 xl:grid-cols-2\">\n<div class=\"relative mb-10 md:mb-16 md:grid-cols-8 md:gap-x-8 xl:grid-cols-1 md:grid xl:grid-cols-6\" data-testid=\"tit-item\">\n<div class=\"relative md:col-span-2 md:col-start-1 col-start-1 md:-mr-8 mr-0 md:mr-0 pb-6 md:mb-6 md:pb-0 xl:mb-0 xl:mr-0 xl:pb-6\">\n<div class=\"relative\"><img decoding=\"async\" class=\"object-cover mx-auto\" src=\"https:\/\/assets-cdn.liebherr.com\/versions\/6307cd18-3f34-457b-a93b-aa4698cf7880\/original\/liebherr-CFRS22_SuperSilent.webp\" alt=\"\" \/><\/div>\n<\/div>\n<div class=\"md:col-span-full md:col-start-3\">\n<div>\n<h2 class=\"mb-3 font-head text-h5 lh-domelement style_h5 mb-4\" data-testid=\"titi-headline\">SuperSilent<\/h2>\n<div class=\"lh-domelement style_copy_mobile_small !mb-4 md:!mb-6\" role=\"presentation\" data-testid=\"titi-copytext\">Shhh &#8211; ascolta attentamente: il tuo Liebherr \u00e8 talmente silenzioso che devi drizzare le antenne per sentirlo. Qual \u00e8 il suo segreto? Tutti i componenti di refrigerazione quali compressori, valvole, ventilatori e vaporizzatore sono ottimizzati e perfettamente messi a punto per interagire tra di loro. Cos\u00ec sentirai in cucina solo quello che vuoi sentire.<\/div>\n<\/div>\n<\/div>\n<div class=\"md:col-span-full md:col-start-3\"><\/div>\n<\/div>\n<div class=\"relative mb-10 md:mb-16 md:grid-cols-8 md:gap-x-8 xl:grid-cols-1 md:grid xl:grid-cols-6\" data-testid=\"tit-item\">\n<div class=\"relative md:col-span-2 md:col-start-1 col-start-1 md:-mr-8 mr-0 md:mr-0 pb-6 md:mb-6 md:pb-0 xl:mb-0 xl:mr-0 xl:pb-6\">\n<div class=\"relative\"><img decoding=\"async\" class=\"object-cover mx-auto\" src=\"https:\/\/assets-cdn.liebherr.com\/versions\/080d5f3b-4164-47d5-8b30-311e1956f3c0\/original\/liebherr-CFRS22_LED%20BioFresh%20lighting.webp\" alt=\"\" \/><\/div>\n<\/div>\n<div class=\"md:col-span-full md:col-start-3\">\n<div>\n<h2 class=\"mb-3 font-head text-h5 lh-domelement style_h5 mb-4\" data-testid=\"titi-headline\">Illuminazione interna a LED del BioFresh<\/h2>\n<div class=\"lh-domelement style_copy_mobile_small !mb-4 md:!mb-6\" role=\"presentation\" data-testid=\"titi-copytext\">Rallegrati nel contemplare la freschezza di frutta e verdura: l&#8217;illuminazione interna a LED del BioFresh presenta il contenuto dei cassetti Safe BioFresh nel modo migliore. L&#8217;illuminazione \u00e8 installata al centro sopra i cassetti Safe BioFresh e completata da illuminazione LED a colonna su entrambi i lati. La luce delle colonne arriva fino al cassetto Safe BioFresh superiore, illuminandolo in modo particolare.<\/div>\n<\/div>\n<\/div>\n<div class=\"md:col-span-full md:col-start-3\"><\/div>\n<\/div>\n<\/section>\n<\/div>\n<\/section>\n<section data-testid=\"text-image-teaser\">\n<div class=\"content-container-padding xl:content-container lh-grid\">\n<section class=\"col-span-full grid grid-cols-1 gap-x-4 md:gap-x-8 xl:grid-cols-2\">\n<div class=\"relative mb-10 md:mb-16 md:grid-cols-8 md:gap-x-8 xl:grid-cols-1 md:grid xl:grid-cols-6\" data-testid=\"tit-item\">\n<div class=\"relative md:col-span-2 md:col-start-1 col-start-1 md:-mr-8 mr-0 md:mr-0 pb-6 md:mb-6 md:pb-0 xl:mb-0 xl:mr-0 xl:pb-6\">\n<div class=\"relative\"><img decoding=\"async\" class=\"object-cover mx-auto\" src=\"https:\/\/assets-cdn.liebherr.com\/versions\/407ed79f-e752-424c-8191-4cd213ecf1c1\/original\/liebherr-CFRS22_VarioSafe.webp\" alt=\"\" \/><\/div>\n<\/div>\n<div class=\"md:col-span-full md:col-start-3\">\n<div>\n<h2 class=\"mb-3 font-head text-h5 lh-domelement style_h5 mb-4\" data-testid=\"titi-headline\">VarioSafe<\/h2>\n<div class=\"lh-domelement style_copy_mobile_small !mb-4 md:!mb-6\" role=\"presentation\" data-testid=\"titi-copytext\">Chi non desidera una sistemazione pratica e ordinata di quei prodotti alimentari minuscoli, come gli yogurt, i vasetti di marmellata o tubetti vari? Per questo c\u2019\u00e8 VarioSafe nel tuo Liebherr. VarioSafe non crea solamente ordine, ma \u00e8 anche estremamente variabile. Basta mettere il cassetto regolabile a due altezze VarioSafe dove meglio preferisci nel frigorifero.<\/div>\n<\/div>\n<\/div>\n<div class=\"md:col-span-full md:col-start-3\"><\/div>\n<\/div>\n<div class=\"relative mb-10 md:mb-16 md:grid-cols-8 md:gap-x-8 xl:grid-cols-1 md:grid xl:grid-cols-6\" data-testid=\"tit-item\">\n<div class=\"relative md:col-span-2 md:col-start-1 col-start-1 md:-mr-8 mr-0 md:mr-0 pb-6 md:mb-6 md:pb-0 xl:mb-0 xl:mr-0 xl:pb-6\">\n<div class=\"relative\"><img decoding=\"async\" class=\"object-cover mx-auto\" src=\"https:\/\/assets-cdn.liebherr.com\/versions\/7aaea328-85fa-4db9-a466-5227d7faf748\/original\/liebherr-CFRS22_InfinitySpring%20water%20filter.webp\" alt=\"\" \/><\/div>\n<\/div>\n<div class=\"md:col-span-full md:col-start-3\">\n<div>\n<h2 class=\"mb-3 font-head text-h5 lh-domelement style_h5 mb-4\" data-testid=\"titi-headline\">Filtro dell&#8217;acqua InfinitySpring<\/h2>\n<div class=\"lh-domelement style_copy_mobile_small !mb-4 md:!mb-6\" role=\"presentation\" data-testid=\"titi-copytext\">Limpida e fresca: con il filtro dell&#8217;acqua InfinitySpring potrai gustare l\u2019acqua potabile salutare che proviene direttamente dalla rete idrica domestica. Il filtro ai carboni attivi depura e garantisce acqua pulita per drink e refrigerio. E, inoltre&#8230;: il tuo Liebherr ti ricorder\u00e0 di cambiare il filtro annunciandolo sul display.<\/div>\n<\/div>\n<\/div>\n<div class=\"md:col-span-full md:col-start-3\"><\/div>\n<\/div>\n<\/section>\n<\/div>\n<\/section>\n<section data-testid=\"text-image-teaser\">\n<div class=\"content-container-padding xl:content-container lh-grid\">\n<section class=\"col-span-full grid grid-cols-1 gap-x-4 md:gap-x-8 xl:grid-cols-2\">\n<div class=\"relative mb-10 md:mb-16 md:grid-cols-8 md:gap-x-8 xl:grid-cols-1 md:grid xl:grid-cols-6\" data-testid=\"tit-item\">\n<div class=\"relative md:col-span-2 md:col-start-1 col-start-1 md:-mr-8 mr-0 md:mr-0 pb-6 md:mb-6 md:pb-0 xl:mb-0 xl:mr-0 xl:pb-6\">\n<div class=\"relative\"><img decoding=\"async\" class=\"object-cover mx-auto\" src=\"https:\/\/assets-cdn.liebherr.com\/versions\/40d86831-437b-4296-b532-a0fe7b8a008e\/original\/liebherr-CFRS22_Door%20shelf%20prime-peak.webp\" alt=\"\" \/><\/div>\n<\/div>\n<div class=\"md:col-span-full md:col-start-3\">\n<div>\n<h2 class=\"mb-3 font-head text-h5 lh-domelement style_h5 mb-4\" data-testid=\"titi-headline\">Dispositivo di arresto porta<\/h2>\n<div class=\"lh-domelement style_copy_mobile_small !mb-4 md:!mb-6\" role=\"presentation\" data-testid=\"titi-copytext\">Ti serve una superficie di appoggio sicura per le bevande o altri alimenti? E a cui puoi accedere oltretutto facilmente? I nostri dispositivi di arresto porta regolabili in altezza presentano entrambe le propriet\u00e0 \u2013 grazie ai ripiani in vetro di sicurezza e alle sponde in acciaio inossidabile. E il supporto mobile ed estraibile delle bottiglie provvede al loro perfetto equilibrio.<\/div>\n<\/div>\n<\/div>\n<div class=\"md:col-span-full md:col-start-3\"><\/div>\n<\/div>\n<div class=\"relative mb-10 md:mb-16 md:grid-cols-8 md:gap-x-8 xl:grid-cols-1 md:grid xl:grid-cols-6\" data-testid=\"tit-item\">\n<div class=\"relative md:col-span-2 md:col-start-1 col-start-1 md:-mr-8 mr-0 md:mr-0 pb-6 md:mb-6 md:pb-0 xl:mb-0 xl:mr-0 xl:pb-6\">\n<div class=\"relative\"><img decoding=\"async\" class=\"object-cover mx-auto\" src=\"https:\/\/assets-cdn.liebherr.com\/versions\/9e708f4d-2197-42b8-84d4-22ed3ebb100a\/original\/liebherr-CFRS22_Height-adjustable%20inner%20door%20shelves.webp\" alt=\"\" \/><\/div>\n<\/div>\n<div class=\"md:col-span-full md:col-start-3\">\n<div>\n<h2 class=\"mb-3 font-head text-h5 lh-domelement style_h5 mb-4\" data-testid=\"titi-headline\">Numero ripiani sportello regolabili in altezza<\/h2>\n<div class=\"lh-domelement style_copy_mobile_small !mb-4 md:!mb-6\" role=\"presentation\" data-testid=\"titi-copytext\">Sfruttate tutto lo spazio del vostro Liebherr per soddisfare ogni vostra esigenza. A questo servono i balconcini della controporta regolabili in altezza: li potete infatti posizionare ad altezze diverse rapidamente e con semplicit\u00e0, in modo da poterli utilizzare in modo del tutto flessibile e sicuro per riporre una vasta gamma di contenitori e prodotti alimentari.<\/div>\n<\/div>\n<\/div>\n<div class=\"md:col-span-full md:col-start-3\"><\/div>\n<\/div>\n<\/section>\n<\/div>\n<\/section>\n<section data-testid=\"text-image-teaser\">\n<div class=\"content-container-padding xl:content-container lh-grid\">\n<section class=\"col-span-full grid grid-cols-1 gap-x-4 md:gap-x-8 xl:grid-cols-2\">\n<div class=\"relative mb-10 md:mb-16 md:grid-cols-8 md:gap-x-8 xl:grid-cols-1 md:grid xl:grid-cols-6\" data-testid=\"tit-item\">\n<div class=\"relative md:col-span-2 md:col-start-1 col-start-1 md:-mr-8 mr-0 md:mr-0 pb-6 md:mb-6 md:pb-0 xl:mb-0 xl:mr-0 xl:pb-6\">\n<div class=\"relative\"><img decoding=\"async\" class=\"object-cover mx-auto\" src=\"https:\/\/assets-cdn.liebherr.com\/versions\/da7be7f1-9513-40ca-90b1-95b5d0472d77\/original\/liebherr-CFRS22_Separable%20glass%20shelf.webp\" alt=\"\" \/><\/div>\n<\/div>\n<div class=\"md:col-span-full md:col-start-3\">\n<div>\n<h2 class=\"mb-3 font-head text-h5 lh-domelement style_h5 mb-4\" data-testid=\"titi-headline\">Piano in vetro divisibile<\/h2>\n<div class=\"lh-domelement style_copy_mobile_small !mb-4 md:!mb-6\" role=\"presentation\" data-testid=\"titi-copytext\">Quando metti una caraffa o un contenitore alto nel frigorifero, \u00e8 preferibile non dover rimuovere un intero piano in vetro per creare spazio. Ed effettivamente, puoi farne a meno. Esiste infatti il piano in vetro divisibile: Ti baster\u00e0 far scorrere la met\u00e0 anteriore del piano in vetro sotto quella posteriore. In questo modo ti sar\u00e0 possibile conservare nel frigorifero contenitori pi\u00f9 alti nella parte anteriore, senza dover sacrificare lo spazio per gli altri alimenti.<\/div>\n<\/div>\n<\/div>\n<div class=\"md:col-span-full md:col-start-3\"><\/div>\n<\/div>\n<div class=\"relative mb-10 md:mb-16 md:grid-cols-8 md:gap-x-8 xl:grid-cols-1 md:grid xl:grid-cols-6\" data-testid=\"tit-item\">\n<div class=\"relative md:col-span-2 md:col-start-1 col-start-1 md:-mr-8 mr-0 md:mr-0 pb-6 md:mb-6 md:pb-0 xl:mb-0 xl:mr-0 xl:pb-6\">\n<div class=\"relative\"><img decoding=\"async\" class=\"object-cover mx-auto\" src=\"https:\/\/assets-cdn.liebherr.com\/versions\/15cdb14f-7c37-4a0a-b622-6b192e744301\/original\/liebherr-CUDC25_C%20Satin-finish%20glass%20shelf%20shelves%20w%20stainless-steel%20deco%20tr.webp\" alt=\"\" \/><\/div>\n<\/div>\n<div class=\"md:col-span-full md:col-start-3\">\n<div>\n<h2 class=\"mb-3 font-head text-h5 lh-domelement style_h5 mb-4\" data-testid=\"titi-headline\">Pannelli in vetro satinati con rifiniture in acciaio inox<\/h2>\n<div class=\"lh-domelement style_copy_mobile_small !mb-4 md:!mb-6\" role=\"presentation\" data-testid=\"titi-copytext\">Ogni volta che aprirete il vostro Liebherr potrete ammirarne le linee eleganti, grazie ai ripiani in vetro di sicurezza satinato con rifiniture in acciaio. I ripiani sono regolabili in altezza con un solo gesto, mentre la finitura satinata rende praticamente invisibili i graffi e d\u00e0 un tocco di classe ed eleganza, anche a distanza di anni.<\/div>\n<\/div>\n<\/div>\n<div class=\"md:col-span-full md:col-start-3\"><\/div>\n<\/div>\n<\/section>\n<\/div>\n<\/section>\n<section data-testid=\"text-image-teaser\">\n<div class=\"content-container-padding xl:content-container lh-grid\">\n<section class=\"col-span-full grid grid-cols-1 gap-x-4 md:gap-x-8 xl:grid-cols-2\">\n<div class=\"relative mb-10 md:mb-16 md:grid-cols-8 md:gap-x-8 xl:grid-cols-1 md:grid xl:grid-cols-6\" data-testid=\"tit-item\">\n<div class=\"relative md:col-span-2 md:col-start-1 col-start-1 md:-mr-8 mr-0 md:mr-0 pb-6 md:mb-6 md:pb-0 xl:mb-0 xl:mr-0 xl:pb-6\">\n<div class=\"relative\"><img decoding=\"async\" class=\"object-cover mx-auto\" src=\"https:\/\/assets-cdn.liebherr.com\/versions\/39f94c76-ef64-4258-9cc2-9c9840e78606\/original\/liebherr-CFRS22_Convenient%20height%20adjustment%20glass%20plates.webp\" alt=\"\" \/><\/div>\n<\/div>\n<div class=\"md:col-span-full md:col-start-3\">\n<div>\n<h2 class=\"mb-3 font-head text-h5 lh-domelement style_h5 mb-4\" data-testid=\"titi-headline\">Pratica regolazione in altezza per i piani in vetro<\/h2>\n<div class=\"lh-domelement style_copy_mobile_small !mb-4 md:!mb-6\" role=\"presentation\" data-testid=\"titi-copytext\">Devi mettere un contenitore grande nel frigorifero? In questo caso ti baster\u00e0 regolare l&#8217;altezza dei piani in vetro. E, considerata la praticit\u00e0 della regolazione in altezza, ci\u00f2 avverr\u00e0 in modo rapido e individuale \u2013 anche con alimenti impilati gli uni sugli altri.<\/div>\n<\/div>\n<\/div>\n<div class=\"md:col-span-full md:col-start-3\"><\/div>\n<\/div>\n<div class=\"relative mb-10 md:mb-16 md:grid-cols-8 md:gap-x-8 xl:grid-cols-1 md:grid xl:grid-cols-6\" data-testid=\"tit-item\">\n<div class=\"relative md:col-span-2 md:col-start-1 col-start-1 md:-mr-8 mr-0 md:mr-0 pb-6 md:mb-6 md:pb-0 xl:mb-0 xl:mr-0 xl:pb-6\">\n<div class=\"relative\"><img decoding=\"async\" class=\"object-cover mx-auto\" src=\"https:\/\/assets-cdn.liebherr.com\/versions\/3e4f4206-775d-455c-b493-b9173c67cdd3\/original\/liebherr-CFRS22_Bottle%20shelf%20BioFresh%20safe.webp\" alt=\"\" \/><\/div>\n<\/div>\n<div class=\"md:col-span-full md:col-start-3\">\n<div>\n<h2 class=\"mb-3 font-head text-h5 lh-domelement style_h5 mb-4\" data-testid=\"titi-headline\">Piano per bottiglie sopra i cassetti Safe BioFresh<\/h2>\n<div class=\"lh-domelement style_copy_mobile_small !mb-4 md:!mb-6\" role=\"presentation\" data-testid=\"titi-copytext\">Aspetti ospiti e vuoi mettere in fresco qualche bottiglia in pi\u00f9 del solito? Potrai utilizzare il piano per le bottiglie situato sopra i cassetti Safe BioFresh: basta rimuovere in quattro e quattr\u2019otto il piano in vetro sopra il piano per le bottiglie e potrai sistemare in fresco in tutta sicurezza bottiglie di varie dimensioni.<\/div>\n<\/div>\n<\/div>\n<div class=\"md:col-span-full md:col-start-3\"><\/div>\n<\/div>\n<\/section>\n<\/div>\n<\/section>\n<section data-testid=\"text-image-teaser\">\n<div class=\"content-container-padding xl:content-container lh-grid\">\n<section class=\"col-span-full grid grid-cols-1 gap-x-4 md:gap-x-8 xl:grid-cols-2\">\n<div class=\"relative mb-10 md:mb-16 md:grid-cols-8 md:gap-x-8 xl:grid-cols-1 md:grid xl:grid-cols-6\" data-testid=\"tit-item\">\n<div class=\"relative md:col-span-2 md:col-start-1 col-start-1 md:-mr-8 mr-0 md:mr-0 pb-6 md:mb-6 md:pb-0 xl:mb-0 xl:mr-0 xl:pb-6\">\n<div class=\"relative\"><img decoding=\"async\" class=\"object-cover mx-auto\" src=\"https:\/\/assets-cdn.liebherr.com\/versions\/8753066e-2761-4e03-a3bf-e4ced2479a0b\/original\/liebherr-CFRS22_Butter%20dish.webp\" alt=\"\" \/><\/div>\n<\/div>\n<div class=\"md:col-span-full md:col-start-3\">\n<div>\n<h2 class=\"mb-3 font-head text-h5 lh-domelement style_h5 mb-4\" data-testid=\"titi-headline\">Burriera<\/h2>\n<div class=\"lh-domelement style_copy_mobile_small !mb-4 md:!mb-6\" role=\"presentation\" data-testid=\"titi-copytext\">Anche la burriera pu\u00f2 creare qualche problema: infatti, pur trattandosi di un modello di particolare eleganza, deve rientrare perfettamente nella porta interna del frigorifero. Attraverso il coperchio trasparente puoi sempre vedere quanto burro \u00e8 rimasto. Inoltre, il coperchio lavabile in lavastoviglie e la base si incastrano in modo talmente sicuro da poterla afferrare per il coperchio con una mano sola.<\/div>\n<\/div>\n<\/div>\n<div class=\"md:col-span-full md:col-start-3\"><\/div>\n<\/div>\n<div class=\"relative mb-10 md:mb-16 md:grid-cols-8 md:gap-x-8 xl:grid-cols-1 md:grid xl:grid-cols-6\" data-testid=\"tit-item\">\n<div class=\"relative md:col-span-2 md:col-start-1 col-start-1 md:-mr-8 mr-0 md:mr-0 pb-6 md:mb-6 md:pb-0 xl:mb-0 xl:mr-0 xl:pb-6\">\n<div class=\"relative\"><img decoding=\"async\" class=\"object-cover mx-auto\" src=\"https:\/\/assets-cdn.liebherr.com\/versions\/a0a7b62f-0ecb-43da-b263-4a9e1fa08112\/original\/liebherr-CFRS22_VarioBox.webp\" alt=\"\" \/><\/div>\n<\/div>\n<div class=\"md:col-span-full md:col-start-3\">\n<div>\n<h2 class=\"mb-3 font-head text-h5 lh-domelement style_h5 mb-4\" data-testid=\"titi-headline\">VarioBox<\/h2>\n<div class=\"lh-domelement style_copy_mobile_small !mb-4 md:!mb-6\" role=\"presentation\" data-testid=\"titi-copytext\">Dov&#8217;\u00e8 il lievito? Dove ho messo il tubo della senape? I VarioBox ti aiutano a trovare facilmente nel frigorifero anche le cose pi\u00f9 piccole: provvedono infatti a un\u2019organizzazione chiara e ordinata nella porta interna. Essendo inoltre trasparenti, puoi vedere immediatamente quello che c&#8217;\u00e8 dentro. Sono facilmente estraibili e, grazie al dispositivo di blocco, \u00e8 escluso che possano cadere.<\/div>\n<\/div>\n<\/div>\n<div class=\"md:col-span-full md:col-start-3\"><\/div>\n<\/div>\n<\/section>\n<\/div>\n<\/section>\n<section data-testid=\"text-image-teaser\">\n<div class=\"content-container-padding xl:content-container lh-grid\">\n<section class=\"col-span-full grid grid-cols-1 gap-x-4 md:gap-x-8 xl:grid-cols-2\">\n<div class=\"relative mb-10 md:mb-16 md:grid-cols-8 md:gap-x-8 xl:grid-cols-1 md:grid xl:grid-cols-6\" data-testid=\"tit-item\">\n<div class=\"relative md:col-span-2 md:col-start-1 col-start-1 md:-mr-8 mr-0 md:mr-0 pb-6 md:mb-6 md:pb-0 xl:mb-0 xl:mr-0 xl:pb-6\">\n<div class=\"relative\"><img decoding=\"async\" class=\"object-cover mx-auto\" src=\"https:\/\/assets-cdn.liebherr.com\/versions\/231aa935-0737-4e3c-a905-e56a59b4ca14\/original\/liebherr-CFRS22_FreshAir%20activated%20charcoal%20filter.webp\" alt=\"\" \/><\/div>\n<\/div>\n<div class=\"md:col-span-full md:col-start-3\">\n<div>\n<h2 class=\"mb-3 font-head text-h5 lh-domelement style_h5 mb-4\" data-testid=\"titi-headline\">Filtro ai carboni attivi FreshAir<\/h2>\n<div class=\"lh-domelement style_copy_mobile_small !mb-4 md:!mb-6\" role=\"presentation\" data-testid=\"titi-copytext\">L&#8217;odore di alcuni cibi talvolta pu\u00f2 risultare sgradevole. Ma questo non \u00e8 un problema per il tuo Liebherr: grazie al filtro ai carboni attivi FreshAir, l\u2019aria nel vano interno resta sempre fresca. Il filtro posto direttamente sul flusso d\u2019aria nell&#8217;alloggiamento della ventola cattura quanto pi\u00f9 possibile gli odori. Il display ti ricorda di cambiare il filtro.<\/div>\n<\/div>\n<\/div>\n<div class=\"md:col-span-full md:col-start-3\"><\/div>\n<\/div>\n<div class=\"relative mb-10 md:mb-16 md:grid-cols-8 md:gap-x-8 xl:grid-cols-1 md:grid xl:grid-cols-6\" data-testid=\"tit-item\">\n<div class=\"relative md:col-span-2 md:col-start-1 col-start-1 md:-mr-8 mr-0 md:mr-0 pb-6 md:mb-6 md:pb-0 xl:mb-0 xl:mr-0 xl:pb-6\">\n<div class=\"relative\"><img decoding=\"async\" class=\"object-cover mx-auto\" src=\"https:\/\/assets-cdn.liebherr.com\/versions\/7653c21a-9290-4472-a453-797483ff423c\/original\/liebherr-CFRS22_Egg%20tray%202in1.webp\" alt=\"\" \/><\/div>\n<\/div>\n<div class=\"md:col-span-full md:col-start-3\">\n<div>\n<h2 class=\"mb-3 font-head text-h5 lh-domelement style_h5 mb-4\" data-testid=\"titi-headline\">Portauova 2 in 1<\/h2>\n<div class=\"lh-domelement style_copy_mobile_small !mb-4 md:!mb-6\" role=\"presentation\" data-testid=\"titi-copytext\">Ti piacciono le uova di gallina? In questo, il tuo Liebherr non \u00e8 da meno. Basta guardare il suo portauova 2 in 1. Pu\u00f2 contenere infatti fino a un massimo di 20 uova di gallina o addirittura 24 uova di quaglia. Il portauova \u00e8 composto da una parte esterna e una interna, infilabili l&#8217;una nell&#8217;altra in modo variabile. Per utilizzare le cavit\u00e0 per le uova di quaglia, basta capovolgere il vassoio portauova.<\/div>\n<\/div>\n<\/div>\n<div class=\"md:col-span-full md:col-start-3\"><\/div>\n<\/div>\n<\/section>\n<\/div>\n<\/section>\n<section data-testid=\"text-image-teaser\">\n<div class=\"content-container-padding xl:content-container lh-grid\">\n<section class=\"col-span-full grid grid-cols-1 gap-x-4 md:gap-x-8 xl:grid-cols-2\">\n<div class=\"relative mb-10 md:mb-16 md:grid-cols-8 md:gap-x-8 xl:grid-cols-1 md:grid xl:grid-cols-6\" data-testid=\"tit-item\">\n<div class=\"relative md:col-span-2 md:col-start-1 col-start-1 md:-mr-8 mr-0 md:mr-0 pb-6 md:mb-6 md:pb-0 xl:mb-0 xl:mr-0 xl:pb-6\">\n<div class=\"relative\"><img decoding=\"async\" class=\"object-cover mx-auto\" src=\"https:\/\/assets-cdn.liebherr.com\/versions\/21f5e2aa-b027-4c49-a2a4-cc4200a23323\/original\/liebherr-CFRS22_VarioSpace.webp\" alt=\"\" \/><\/div>\n<\/div>\n<div class=\"md:col-span-full md:col-start-3\">\n<div>\n<h2 class=\"mb-3 font-head text-h5 lh-domelement style_h5 mb-4\" data-testid=\"titi-headline\">VarioSpace<\/h2>\n<div class=\"lh-domelement style_copy_mobile_small !mb-4 md:!mb-6\" role=\"presentation\" data-testid=\"titi-copytext\">Cercate un posto dove conservare una torta gelato a pi\u00f9 livelli in modo sicuro fino alla festa estiva? Nessun problema per il congelatore Liebherr: sa che a volte \u00e8 necessario pi\u00f9 spazio. Grazie a VarioSpace, \u00e8 sufficiente rimuovere i singoli cassetti del congelatore e voil\u00e0: ecco uno spazio di conservazione super alto!<\/div>\n<\/div>\n<\/div>\n<div class=\"md:col-span-full md:col-start-3\"><\/div>\n<\/div>\n<div class=\"relative mb-10 md:mb-16 md:grid-cols-8 md:gap-x-8 xl:grid-cols-1 md:grid xl:grid-cols-6\" data-testid=\"tit-item\">\n<div class=\"relative md:col-span-2 md:col-start-1 col-start-1 md:-mr-8 mr-0 md:mr-0 pb-6 md:mb-6 md:pb-0 xl:mb-0 xl:mr-0 xl:pb-6\">\n<div class=\"relative\"><img decoding=\"async\" class=\"object-cover mx-auto\" src=\"https:\/\/assets-cdn.liebherr.com\/versions\/69fc630a-29bb-45a6-81f2-38f4db9c06c2\/original\/liebherr-CFRS22_FlexSystem.webp\" alt=\"\" \/><\/div>\n<\/div>\n<div class=\"md:col-span-full md:col-start-3\">\n<div>\n<h2 class=\"mb-3 font-head text-h5 lh-domelement style_h5 mb-4\" data-testid=\"titi-headline\">FlexSystem<\/h2>\n<div class=\"lh-domelement style_copy_mobile_small !mb-4 md:!mb-6\" role=\"presentation\" data-testid=\"titi-copytext\">\u00c8 facile perdere di vista nel frigorifero la frutta piccola e delicata o schiacciarla involontariamente. Ecco perch\u00e9 il tuo Liebherr \u00e8 provvisto di FlexSystem: due scatole che trovano il posto che preferisci nel cassetto Safe BioFresh, assicurandoti ordine e visibilit\u00e0 ottimali. E proteggono in modo affidabile da ammaccature anche il pi\u00f9 piccolo lampone o evitano che vada a finire insieme ad altri alimenti.<\/div>\n<\/div>\n<\/div>\n<div class=\"md:col-span-full md:col-start-3\"><\/div>\n<\/div>\n<\/section>\n<\/div>\n<\/section>\n<section data-testid=\"text-image-teaser\">\n<div class=\"content-container-padding xl:content-container lh-grid\">\n<section class=\"col-span-full grid grid-cols-1 gap-x-4 md:gap-x-8 xl:grid-cols-2\">\n<div class=\"relative mb-10 md:mb-16 md:grid-cols-8 md:gap-x-8 xl:grid-cols-1 md:grid xl:grid-cols-6\" data-testid=\"tit-item\">\n<div class=\"relative md:col-span-2 md:col-start-1 col-start-1 md:-mr-8 mr-0 md:mr-0 pb-6 md:mb-6 md:pb-0 xl:mb-0 xl:mr-0 xl:pb-6\">\n<div class=\"relative\"><img decoding=\"async\" class=\"object-cover mx-auto\" src=\"https:\/\/assets-cdn.liebherr.com\/versions\/2e8ba9df-939c-4c07-b806-2c0bfce7694e\/original\/liebherr-CFRS22_Replaceable%20door%20seal.webp\" alt=\"\" \/><\/div>\n<\/div>\n<div class=\"md:col-span-full md:col-start-3\">\n<div>\n<h2 class=\"mb-3 font-head text-h5 lh-domelement style_h5 mb-4\" data-testid=\"titi-headline\">Guarnizione sostituibile della porta<\/h2>\n<div class=\"lh-domelement style_copy_mobile_small !mb-4 md:!mb-6\" role=\"presentation\" data-testid=\"titi-copytext\">Sei dell\u2019idea che la guarnizione della porta del tuo Liebherr debba essere sostituita dopo alcuni anni? Puoi farlo anche da solo: la guarnizione sostituibile della porta si stacca in quattro e quattr\u2019otto e la nuova guarnizione pu\u00f2 essere rimontata in modo altrettanto facile. Cos\u00ec, anche questo elemento del frigorifero sar\u00e0 sempre perfettamente pulito e igienico.<\/div>\n<\/div>\n<\/div>\n<div class=\"md:col-span-full md:col-start-3\"><\/div>\n<\/div>\n<div class=\"relative mb-10 md:mb-16 md:grid-cols-8 md:gap-x-8 xl:grid-cols-1 md:grid xl:grid-cols-6\" data-testid=\"tit-item\">\n<div class=\"relative md:col-span-2 md:col-start-1 col-start-1 md:-mr-8 mr-0 md:mr-0 pb-6 md:mb-6 md:pb-0 xl:mb-0 xl:mr-0 xl:pb-6\">\n<div class=\"relative\"><img decoding=\"async\" class=\"object-cover mx-auto\" src=\"https:\/\/assets-cdn.liebherr.com\/versions\/8e44c353-3874-4b6a-9d41-55ab5a93ad61\/original\/liebherr-CFRS22_Space%20for%20baking%20tray.webp\" alt=\"\" \/><\/div>\n<\/div>\n<div class=\"md:col-span-full md:col-start-3\">\n<div>\n<h2 class=\"mb-3 font-head text-h5 lh-domelement style_h5 mb-4\" data-testid=\"titi-headline\">Spazio per la teglia da forno<\/h2>\n<div class=\"lh-domelement style_copy_mobile_small !mb-4 md:!mb-6\" role=\"presentation\" data-testid=\"titi-copytext\">Vuoi mantenere al fresco la crostata fatta in casa? Oppure la pizza pronta, da infornare in un secondo momento? Infila semplicemente la teglia da forno nel tuo Liebherr \u2013 \u00e8 talmente spazioso da contenerla. Particolarmente pratico: puoi introdurre e tirare fuori la teglia aprendo la porta a 90\u00b0.<\/div>\n<\/div>\n<\/div>\n<div class=\"md:col-span-full md:col-start-3\"><\/div>\n<\/div>\n<\/section>\n<\/div>\n<\/section>\n<section data-testid=\"text-image-teaser\">\n<div class=\"content-container-padding xl:content-container lh-grid\">\n<section class=\"col-span-full grid grid-cols-1 gap-x-4 md:gap-x-8 xl:grid-cols-2\">\n<div class=\"relative mb-10 md:mb-16 md:grid-cols-8 md:gap-x-8 xl:grid-cols-1 md:grid xl:grid-cols-6\" data-testid=\"tit-item\">\n<div class=\"relative md:col-span-2 md:col-start-1 col-start-1 md:-mr-8 mr-0 md:mr-0 pb-6 md:mb-6 md:pb-0 xl:mb-0 xl:mr-0 xl:pb-6\">\n<div class=\"relative\"><img decoding=\"async\" class=\"object-cover mx-auto\" src=\"https:\/\/assets-cdn.liebherr.com\/versions\/0c34f310-4ab6-4556-a371-d42d738058e6\/original\/liebherr-CFRS22_Adjustable%20feet.webp\" alt=\"\" \/><\/div>\n<\/div>\n<div class=\"md:col-span-full md:col-start-3\">\n<div>\n<h2 class=\"mb-3 font-head text-h5 lh-domelement style_h5 mb-4\" data-testid=\"titi-headline\">Piedini regolabili<\/h2>\n<div class=\"lh-domelement style_copy_mobile_small !mb-4 md:!mb-6\" role=\"presentation\" data-testid=\"titi-copytext\">Grazie ai due piedini regolabili, \u00e8 possibile allineare l\u2019apparecchiatura in modo ottimale e adattarla all\u2019ambiente circostante, anche su superfici irregolari. In questo modo la porta si chiude in maniera ermetica, l&#8217;aria calda non entra nell\u2019apparecchiatura e non si forma condensa. Ci\u00f2 comporta un risparmio in termini di consumo energetico.<\/div>\n<\/div>\n<\/div>\n<div class=\"md:col-span-full md:col-start-3\"><\/div>\n<\/div>\n<div class=\"relative mb-10 md:mb-16 md:grid-cols-8 md:gap-x-8 xl:grid-cols-1 md:grid xl:grid-cols-6\" data-testid=\"tit-item\">\n<div class=\"relative md:col-span-2 md:col-start-1 col-start-1 md:-mr-8 mr-0 md:mr-0 pb-6 md:mb-6 md:pb-0 xl:mb-0 xl:mr-0 xl:pb-6\">\n<div class=\"relative\"><img decoding=\"async\" class=\"object-cover mx-auto\" src=\"https:\/\/assets-cdn.liebherr.com\/versions\/1ce845cd-69bd-4b79-a694-80f6104a595c\/original\/liebherr-CFRS22_Dishwasher-safe%20features.webp\" alt=\"\" \/><\/div>\n<\/div>\n<div class=\"md:col-span-full md:col-start-3\">\n<div>\n<h2 class=\"mb-3 font-head text-h5 lh-domelement style_h5 mb-4\" data-testid=\"titi-headline\">Attrezzatura lavabile in lavastoviglie<\/h2>\n<div class=\"lh-domelement style_copy_mobile_small !mb-4 md:!mb-6\" role=\"presentation\" data-testid=\"titi-copytext\">L\u2019attrezzatura accessoria dell\u2019apparecchiatura Liebherr \u00e8 doppiamente pratica: da un lato, supporta l\u2019utilizzo quotidiano, dall\u2019altro \u00e8 facile da pulire. La burriera, il FlexSystem o la vaschetta per i cubetti di ghiaccio devono essere puliti? Lavateli comodamente in lavastoviglie, cos\u00ec si ha pi\u00f9 tempo per altre cose.<\/div>\n<\/div>\n<\/div>\n<div class=\"md:col-span-full md:col-start-3\"><\/div>\n<\/div>\n<\/section>\n<\/div>\n<\/section>\n<section data-testid=\"text-image-teaser\">\n<div class=\"content-container-padding xl:content-container lh-grid\">\n<section class=\"col-span-full grid grid-cols-1 gap-x-4 md:gap-x-8 xl:grid-cols-2\">\n<div class=\"relative mb-10 md:mb-16 md:grid-cols-8 md:gap-x-8 xl:grid-cols-1 md:grid xl:grid-cols-6\" data-testid=\"tit-item\">\n<div class=\"relative md:col-span-2 md:col-start-1 col-start-1 md:-mr-8 mr-0 md:mr-0 pb-6 md:mb-6 md:pb-0 xl:mb-0 xl:mr-0 xl:pb-6\">\n<div class=\"relative\"><img decoding=\"async\" class=\"object-cover mx-auto\" src=\"https:\/\/assets-cdn.liebherr.com\/versions\/275627e0-f467-4135-bf66-fc28aa5a7ab6\/original\/liebherr-CFRS22_Transport%20castors.webp\" alt=\"\" \/><\/div>\n<\/div>\n<div class=\"md:col-span-full md:col-start-3\">\n<div>\n<h2 class=\"mb-3 font-head text-h5 lh-domelement style_h5 mb-4\" data-testid=\"titi-headline\">Ruote di trasporto<\/h2>\n<div class=\"lh-domelement style_copy_mobile_small !mb-4 md:!mb-6\" role=\"presentation\" data-testid=\"titi-copytext\">Con quest&#8217;apparecchiatura Liebherr il comfort \u00e8 garantito fin dal primo utilizzo. L&#8217;installazione del frigorifero \u00e8 un gioco da ragazzi, grazie alle ruote di trasporto standard integrate. Dite addio a faticosi sollevamenti e date il benvenuto a un posizionamento senza sforzi. Tutte le nostre apparecchiature a libera installazione sono dotate di ruote di trasporto a partire dalla serie Pure, che consentono un perfetto posizionamento in cucina in modo semplice e pratico.<\/div>\n<\/div>\n<\/div>\n<div class=\"md:col-span-full md:col-start-3\">\n<table class=\"lh-table-module show-table-borders w-full table-fixed\">\n<tbody class=\"w-full\">\n<tr class=\"w-full !opacity-100\">\n<td class=\"w-1\/2 md:w-1\/3 xl:w-1\/2\">\n<div>Classe di efficienza energetica<\/div>\n<\/td>\n<td class=\"w-1\/2 md:w-2\/3 xl:w-1\/2\">B<\/td>\n<\/tr>\n<tr class=\"w-full !opacity-100\">\n<td class=\"w-1\/2 md:w-1\/3 xl:w-1\/2\">\n<div>Consumo energetico in 24 ore<\/div>\n<\/td>\n<td class=\"w-1\/2 md:w-2\/3 xl:w-1\/2\">0,394\u00a0kWh \/ 24h<\/td>\n<\/tr>\n<tr class=\"w-full !opacity-100\">\n<td class=\"w-1\/2 md:w-1\/3 xl:w-1\/2\">\n<div>Consumo energetico per anno<\/div>\n<\/td>\n<td class=\"w-1\/2 md:w-2\/3 xl:w-1\/2\">144\u00a0kWh\/a<\/td>\n<\/tr>\n<tr class=\"w-full !opacity-100\">\n<td class=\"w-1\/2 md:w-1\/3 xl:w-1\/2\">\n<div>Classe climatica<\/div>\n<\/td>\n<td class=\"w-1\/2 md:w-2\/3 xl:w-1\/2\">SN-T<\/td>\n<\/tr>\n<tr class=\"w-full !opacity-100\">\n<td class=\"w-1\/2 md:w-1\/3 xl:w-1\/2\">\n<div>Rumorosit\u00e0 (potenza sonora)<\/div>\n<\/td>\n<td class=\"w-1\/2 md:w-2\/3 xl:w-1\/2\">33\u00a0dB<\/td>\n<\/tr>\n<tr class=\"w-full !opacity-100\">\n<td class=\"w-1\/2 md:w-1\/3 xl:w-1\/2\">\n<div>Classe di emissione rumore aereo<\/div>\n<\/td>\n<td class=\"w-1\/2 md:w-2\/3 xl:w-1\/2\">B<\/td>\n<\/tr>\n<tr class=\"w-full !opacity-100\">\n<td class=\"w-1\/2 md:w-1\/3 xl:w-1\/2\">\n<div>Potenza massima assorbita<\/div>\n<\/td>\n<td class=\"w-1\/2 md:w-2\/3 xl:w-1\/2\">1,4 A 183 W<\/td>\n<\/tr>\n<tr class=\"w-full !opacity-100\">\n<td class=\"w-1\/2 md:w-1\/3 xl:w-1\/2\">\n<div>Tensione<\/div>\n<\/td>\n<td class=\"w-1\/2 md:w-2\/3 xl:w-1\/2\">220-240 V ~<\/td>\n<\/tr>\n<tr class=\"w-full !opacity-100\">\n<td class=\"w-1\/2 md:w-1\/3 xl:w-1\/2\">\n<div>Frequenza<\/div>\n<\/td>\n<td class=\"w-1\/2 md:w-2\/3 xl:w-1\/2\">50-60 Hz<\/td>\n<\/tr>\n<\/tbody>\n<\/table>\n<\/div>\n<\/div>\n<\/section>\n<\/div>\n<\/section>\n<\/div>\n<\/div>\n<\/div>\n<\/div>\n<\/div>\n<div class=\"accordion-item accordion-item--website is-default\">\n<table class=\"lh-table-module show-table-borders w-full table-fixed\">\n<tbody class=\"w-full\">\n<tr class=\"w-full !opacity-100\">\n<td class=\"w-1\/2 md:w-1\/3 xl:w-1\/2\">\n<div>Unit\u00e0 di comando<\/div>\n<\/td>\n<td class=\"w-1\/2 md:w-2\/3 xl:w-1\/2\">Display TFT 2,4\u201c a colori, display Touch &amp; Swipe<\/td>\n<\/tr>\n<tr class=\"w-full !opacity-100\">\n<td class=\"w-1\/2 md:w-1\/3 xl:w-1\/2\">\n<div>Numero di zone di temperatura<\/div>\n<\/td>\n<td class=\"w-1\/2 md:w-2\/3 xl:w-1\/2\">3<\/td>\n<\/tr>\n<tr class=\"w-full !opacity-100\">\n<td class=\"w-1\/2 md:w-1\/3 xl:w-1\/2\">\n<div>Numero di circuiti di refrigerazione regolabili<\/div>\n<\/td>\n<td class=\"w-1\/2 md:w-2\/3 xl:w-1\/2\">2<\/td>\n<\/tr>\n<tr class=\"w-full !opacity-100\">\n<td class=\"w-1\/2 md:w-1\/3 xl:w-1\/2\">\n<div>VarioTemp<\/div>\n<\/td>\n<td class=\"w-1\/2 md:w-2\/3 xl:w-1\/2\">Tutto il soggetto<\/td>\n<\/tr>\n<tr class=\"w-full !opacity-100\">\n<td class=\"w-1\/2 md:w-1\/3 xl:w-1\/2\">\n<div>Display della temperatura<\/div>\n<\/td>\n<td class=\"w-1\/2 md:w-2\/3 xl:w-1\/2\">vano frigorifero, vano congelatore e cassetto BioFresh<\/td>\n<\/tr>\n<tr class=\"w-full !opacity-100\">\n<td class=\"w-1\/2 md:w-1\/3 xl:w-1\/2\">\n<div>SuperCool<\/div>\n<\/td>\n<td class=\"w-1\/2 md:w-2\/3 xl:w-1\/2\">regolabile sull&#8217;apparecchio e mediante app<\/td>\n<\/tr>\n<tr class=\"w-full !opacity-100\">\n<td class=\"w-1\/2 md:w-1\/3 xl:w-1\/2\">\n<div>SuperFrost<\/div>\n<\/td>\n<td class=\"w-1\/2 md:w-2\/3 xl:w-1\/2\">regolabile sull&#8217;apparecchio e mediante app<\/td>\n<\/tr>\n<tr class=\"w-full !opacity-100\">\n<td class=\"w-1\/2 md:w-1\/3 xl:w-1\/2\">\n<div>Allarme porta frigorifero<\/div>\n<\/td>\n<td class=\"w-1\/2 md:w-2\/3 xl:w-1\/2\">regolabile sull&#8217;apparecchio e mediante app<\/td>\n<\/tr>\n<tr class=\"w-full !opacity-100\">\n<td class=\"w-1\/2 md:w-1\/3 xl:w-1\/2\">\n<div>Allarme porta congelatore<\/div>\n<\/td>\n<td class=\"w-1\/2 md:w-2\/3 xl:w-1\/2\">regolabile sull&#8217;apparecchio e mediante app<\/td>\n<\/tr>\n<tr class=\"w-full !opacity-100\">\n<td class=\"w-1\/2 md:w-1\/3 xl:w-1\/2\">\n<div>BottleTimer<\/div>\n<\/td>\n<td class=\"w-1\/2 md:w-2\/3 xl:w-1\/2\">regolabile mediante app<\/td>\n<\/tr>\n<tr class=\"w-full !opacity-100\">\n<td class=\"w-1\/2 md:w-1\/3 xl:w-1\/2\">\n<div>NightMode<\/div>\n<\/td>\n<td class=\"w-1\/2 md:w-2\/3 xl:w-1\/2\">\u2014<\/td>\n<\/tr>\n<tr class=\"w-full !opacity-100\">\n<td class=\"w-1\/2 md:w-1\/3 xl:w-1\/2\">\n<div>HolidayMode<\/div>\n<\/td>\n<td class=\"w-1\/2 md:w-2\/3 xl:w-1\/2\">regolabile sull&#8217;apparecchio e mediante app<\/td>\n<\/tr>\n<tr class=\"w-full !opacity-100\">\n<td class=\"w-1\/2 md:w-1\/3 xl:w-1\/2\">\n<div>Blocco display<\/div>\n<\/td>\n<td class=\"w-1\/2 md:w-2\/3 xl:w-1\/2\">regolabile sull&#8217;apparecchio<\/td>\n<\/tr>\n<tr class=\"w-full !opacity-100\">\n<td class=\"w-1\/2 md:w-1\/3 xl:w-1\/2\">\n<div>Tipo di controllo<\/div>\n<\/td>\n<td class=\"w-1\/2 md:w-2\/3 xl:w-1\/2\">Touch &amp; Swipe<\/td>\n<\/tr>\n<tr class=\"w-full !opacity-100\">\n<td class=\"w-1\/2 md:w-1\/3 xl:w-1\/2\">\n<div>Anomalia: segnale di allarme<\/div>\n<\/td>\n<td class=\"w-1\/2 md:w-2\/3 xl:w-1\/2\">ottico ed acustico<\/td>\n<\/tr>\n<tr class=\"w-full !opacity-100\">\n<td class=\"w-1\/2 md:w-1\/3 xl:w-1\/2\">\n<div>Sicurezza bambini<\/div>\n<\/td>\n<td class=\"w-1\/2 md:w-2\/3 xl:w-1\/2\">\u2714<\/td>\n<\/tr>\n<tr class=\"w-full !opacity-100\">\n<td class=\"w-1\/2 md:w-1\/3 xl:w-1\/2\">\n<div>La soluzione di rete *<\/div>\n<\/td>\n<td class=\"w-1\/2 md:w-2\/3 xl:w-1\/2\">integrato stabilmente<\/td>\n<\/tr>\n<\/tbody>\n<\/table>\n<table class=\"lh-table-module show-table-borders w-full table-fixed\">\n<tbody class=\"w-full\">\n<tr class=\"w-full !opacity-100\">\n<td class=\"w-1\/2 md:w-1\/3 xl:w-1\/2\">\n<div>Campo di temperatura impostabile vano frigorifero<\/div>\n<\/td>\n<td class=\"w-1\/2 md:w-2\/3 xl:w-1\/2\">+3 \u00b0C a +9 \u00b0C<\/td>\n<\/tr>\n<tr class=\"w-full !opacity-100\">\n<td class=\"w-1\/2 md:w-1\/3 xl:w-1\/2\">\n<div>Regolazione umidit\u00e0<\/div>\n<\/td>\n<td class=\"w-1\/2 md:w-2\/3 xl:w-1\/2\">DuoCooling<\/td>\n<\/tr>\n<tr class=\"w-full !opacity-100\">\n<td class=\"w-1\/2 md:w-1\/3 xl:w-1\/2\">\n<div>Zone climatiche vano frigorifero<\/div>\n<\/td>\n<td class=\"w-1\/2 md:w-2\/3 xl:w-1\/2\">BioFresh con HydroBreeze \/ Cassetto Safe per carne e latticini \/ Cassetto Safe per frutta e verdura<\/td>\n<\/tr>\n<tr class=\"w-full !opacity-100\">\n<td class=\"w-1\/2 md:w-1\/3 xl:w-1\/2\">\n<div>Numero cassetti BioFresh<\/div>\n<\/td>\n<td class=\"w-1\/2 md:w-2\/3 xl:w-1\/2\">2<\/td>\n<\/tr>\n<tr class=\"w-full !opacity-100\">\n<td class=\"w-1\/2 md:w-1\/3 xl:w-1\/2\">\n<div>Illuminazione interna cassetto BioFresh<\/div>\n<\/td>\n<td class=\"w-1\/2 md:w-2\/3 xl:w-1\/2\">Illuminazione LED<\/td>\n<\/tr>\n<tr class=\"w-full !opacity-100\">\n<td class=\"w-1\/2 md:w-1\/3 xl:w-1\/2\">\n<div>Sbrinamento<\/div>\n<\/td>\n<td class=\"w-1\/2 md:w-2\/3 xl:w-1\/2\">automatico<\/td>\n<\/tr>\n<tr class=\"w-full !opacity-100\">\n<td class=\"w-1\/2 md:w-1\/3 xl:w-1\/2\">\n<div>Filtro FreshAir<\/div>\n<\/td>\n<td class=\"w-1\/2 md:w-2\/3 xl:w-1\/2\">nella valvola<\/td>\n<\/tr>\n<tr class=\"w-full !opacity-100\">\n<td class=\"w-1\/2 md:w-1\/3 xl:w-1\/2\">\n<div>Sistema di estrazione cassetti vano frigorifero<\/div>\n<\/td>\n<td class=\"w-1\/2 md:w-2\/3 xl:w-1\/2\">cassetti telescopici completamente estraibili con rientro automatico e smorzatore di chiusura<\/td>\n<\/tr>\n<tr class=\"w-full !opacity-100\">\n<td class=\"w-1\/2 md:w-1\/3 xl:w-1\/2\">\n<div>Illuminazione interna vano frigorifero<\/div>\n<\/td>\n<td class=\"w-1\/2 md:w-2\/3 xl:w-1\/2\">pannello luminoso su entrambi i lati<\/td>\n<\/tr>\n<tr class=\"w-full !opacity-100\">\n<td class=\"w-1\/2 md:w-1\/3 xl:w-1\/2\">\n<div>Numero griglie di appoggio vano frigorifero<\/div>\n<\/td>\n<td class=\"w-1\/2 md:w-2\/3 xl:w-1\/2\">4<\/td>\n<\/tr>\n<tr class=\"w-full !opacity-100\">\n<td class=\"w-1\/2 md:w-1\/3 xl:w-1\/2\">\n<div>di cui regolabili in altezza<\/div>\n<\/td>\n<td class=\"w-1\/2 md:w-2\/3 xl:w-1\/2\">3<\/td>\n<\/tr>\n<tr class=\"w-full !opacity-100\">\n<td class=\"w-1\/2 md:w-1\/3 xl:w-1\/2\">\n<div>di cui divisibili<\/div>\n<\/td>\n<td class=\"w-1\/2 md:w-2\/3 xl:w-1\/2\">1<\/td>\n<\/tr>\n<tr class=\"w-full !opacity-100\">\n<td class=\"w-1\/2 md:w-1\/3 xl:w-1\/2\">\n<div>VarioSafe<\/div>\n<\/td>\n<td class=\"w-1\/2 md:w-2\/3 xl:w-1\/2\">\u2714<\/td>\n<\/tr>\n<tr class=\"w-full !opacity-100\">\n<td class=\"w-1\/2 md:w-1\/3 xl:w-1\/2\">\n<div>InfinitySpring<\/div>\n<\/td>\n<td class=\"w-1\/2 md:w-2\/3 xl:w-1\/2\">Erogatore d\u2019acqua nel vano interno<\/td>\n<\/tr>\n<tr class=\"w-full !opacity-100\">\n<td class=\"w-1\/2 md:w-1\/3 xl:w-1\/2\">\n<div>Conservazione delle bottiglie<\/div>\n<\/td>\n<td class=\"w-1\/2 md:w-2\/3 xl:w-1\/2\">integrato<\/td>\n<\/tr>\n<tr class=\"w-full !opacity-100\">\n<td class=\"w-1\/2 md:w-1\/3 xl:w-1\/2\">\n<div>Mensola portabottiglie<\/div>\n<\/td>\n<td class=\"w-1\/2 md:w-2\/3 xl:w-1\/2\">1<\/td>\n<\/tr>\n<tr class=\"w-full !opacity-100\">\n<td class=\"w-1\/2 md:w-1\/3 xl:w-1\/2\">\n<div>Numero di mensole per conserve<\/div>\n<\/td>\n<td class=\"w-1\/2 md:w-2\/3 xl:w-1\/2\">1<\/td>\n<\/tr>\n<tr class=\"w-full !opacity-100\">\n<td class=\"w-1\/2 md:w-1\/3 xl:w-1\/2\">\n<div>VarioBox<\/div>\n<\/td>\n<td class=\"w-1\/2 md:w-2\/3 xl:w-1\/2\">estraibile<\/td>\n<\/tr>\n<tr class=\"w-full !opacity-100\">\n<td class=\"w-1\/2 md:w-1\/3 xl:w-1\/2\">\n<div>VarioBoxen<\/div>\n<\/td>\n<td class=\"w-1\/2 md:w-2\/3 xl:w-1\/2\">2<\/td>\n<\/tr>\n<tr class=\"w-full !opacity-100\">\n<td class=\"w-1\/2 md:w-1\/3 xl:w-1\/2\">\n<div>Burriera<\/div>\n<\/td>\n<td class=\"w-1\/2 md:w-2\/3 xl:w-1\/2\">\u2714<\/td>\n<\/tr>\n<tr class=\"w-full !opacity-100\">\n<td class=\"w-1\/2 md:w-1\/3 xl:w-1\/2\">\n<div>Portauova<\/div>\n<\/td>\n<td class=\"w-1\/2 md:w-2\/3 xl:w-1\/2\">variabile<\/td>\n<\/tr>\n<tr class=\"w-full !opacity-100\">\n<td class=\"w-1\/2 md:w-1\/3 xl:w-1\/2\">\n<div>Numero FlexSystem<\/div>\n<\/td>\n<td class=\"w-1\/2 md:w-2\/3 xl:w-1\/2\">1<\/td>\n<\/tr>\n<tr class=\"w-full !opacity-100\">\n<td class=\"w-1\/2 md:w-1\/3 xl:w-1\/2\">\n<div>Dispositivo di arresto porta<\/div>\n<\/td>\n<td class=\"w-1\/2 md:w-2\/3 xl:w-1\/2\">Mensole portabottiglie e conserve<\/td>\n<\/tr>\n<tr class=\"w-full !opacity-100\">\n<td class=\"w-1\/2 md:w-1\/3 xl:w-1\/2\">\n<div>Numero ripiani sportello regolabili in altezza<\/div>\n<\/td>\n<td class=\"w-1\/2 md:w-2\/3 xl:w-1\/2\">regolazione graduale<\/td>\n<\/tr>\n<tr class=\"w-full !opacity-100\">\n<td class=\"w-1\/2 md:w-1\/3 xl:w-1\/2\"><\/td>\n<td class=\"w-1\/2 md:w-2\/3 xl:w-1\/2\"><\/td>\n<\/tr>\n<\/tbody>\n<\/table>\n<table class=\"lh-table-module show-table-borders w-full table-fixed\">\n<tbody class=\"w-full\">\n<tr class=\"w-full !opacity-100\">\n<td class=\"w-1\/2 md:w-1\/3 xl:w-1\/2\">\n<div>InteriorFit<\/div>\n<\/td>\n<td class=\"w-1\/2 md:w-2\/3 xl:w-1\/2\">\u2714<\/td>\n<\/tr>\n<tr class=\"w-full !opacity-100\">\n<td class=\"w-1\/2 md:w-1\/3 xl:w-1\/2\">\n<div>Pannello posteriore asciutto<\/div>\n<\/td>\n<td class=\"w-1\/2 md:w-2\/3 xl:w-1\/2\">\u2714<\/td>\n<\/tr>\n<tr class=\"w-full !opacity-100\">\n<td class=\"w-1\/2 md:w-1\/3 xl:w-1\/2\">\n<div>Materiale parete a secco posteriore<\/div>\n<\/td>\n<td class=\"w-1\/2 md:w-2\/3 xl:w-1\/2\">SmartSteel-Look<\/td>\n<\/tr>\n<tr class=\"w-full !opacity-100\">\n<td class=\"w-1\/2 md:w-1\/3 xl:w-1\/2\">\n<div>Design porta interna<\/div>\n<\/td>\n<td class=\"w-1\/2 md:w-2\/3 xl:w-1\/2\">SmartSteel-Look<\/td>\n<\/tr>\n<tr class=\"w-full !opacity-100\">\n<td class=\"w-1\/2 md:w-1\/3 xl:w-1\/2\">\n<div>Materiale ripiani nello sportello<\/div>\n<\/td>\n<td class=\"w-1\/2 md:w-2\/3 xl:w-1\/2\">\u00fcveg nemesac\u00e9l szeg\u00e9llyel<\/td>\n<\/tr>\n<tr class=\"w-full !opacity-100\">\n<td class=\"w-1\/2 md:w-1\/3 xl:w-1\/2\">\n<div>Materiale dei ripiani, vano frigorifero<\/div>\n<\/td>\n<td class=\"w-1\/2 md:w-2\/3 xl:w-1\/2\">vetro<\/td>\n<\/tr>\n<tr class=\"w-full !opacity-100\">\n<td class=\"w-1\/2 md:w-1\/3 xl:w-1\/2\">\n<div>Materiale porta<\/div>\n<\/td>\n<td class=\"w-1\/2 md:w-2\/3 xl:w-1\/2\">porta in acciaio inox con SmartSteel<\/td>\n<\/tr>\n<tr class=\"w-full !opacity-100\">\n<td class=\"w-1\/2 md:w-1\/3 xl:w-1\/2\">\n<div>Materiale mensole regolabili vano congelatore<\/div>\n<\/td>\n<td class=\"w-1\/2 md:w-2\/3 xl:w-1\/2\">vetro<\/td>\n<\/tr>\n<tr class=\"w-full !opacity-100\">\n<td class=\"w-1\/2 md:w-1\/3 xl:w-1\/2\">\n<div>Colore<\/div>\n<\/td>\n<td class=\"w-1\/2 md:w-2\/3 xl:w-1\/2\">acciaio inox<\/td>\n<\/tr>\n<tr class=\"w-full !opacity-100\">\n<td class=\"w-1\/2 md:w-1\/3 xl:w-1\/2\">\n<div>Materiale pareti laterali<\/div>\n<\/td>\n<td class=\"w-1\/2 md:w-2\/3 xl:w-1\/2\">acciaio inox<\/td>\n<\/tr>\n<tr class=\"w-full !opacity-100\">\n<td class=\"w-1\/2 md:w-1\/3 xl:w-1\/2\">\n<div>Maniglia<\/div>\n<\/td>\n<td class=\"w-1\/2 md:w-2\/3 xl:w-1\/2\">Maniglia incassata (su entrambi i lati, verticale, continuo)<\/td>\n<\/tr>\n<\/tbody>\n<\/table>\n<table class=\"lh-table-module show-table-borders w-full table-fixed\">\n<tbody class=\"w-full\">\n<tr class=\"w-full !opacity-100\">\n<td class=\"w-1\/2 md:w-1\/3 xl:w-1\/2\">\n<div>Meccanismo ausiliario di chiusura<\/div>\n<\/td>\n<td class=\"w-1\/2 md:w-2\/3 xl:w-1\/2\">\u2014<\/td>\n<\/tr>\n<tr class=\"w-full !opacity-100\">\n<td class=\"w-1\/2 md:w-1\/3 xl:w-1\/2\">\n<div>Incernieratura sportello<\/div>\n<\/td>\n<td class=\"w-1\/2 md:w-2\/3 xl:w-1\/2\">A destra<\/td>\n<\/tr>\n<tr class=\"w-full !opacity-100\">\n<td class=\"w-1\/2 md:w-1\/3 xl:w-1\/2\">\n<div>Reversione incernieratura della porta<\/div>\n<\/td>\n<td class=\"w-1\/2 md:w-2\/3 xl:w-1\/2\">possibile autonomamente<\/td>\n<\/tr>\n<tr class=\"w-full !opacity-100\">\n<td class=\"w-1\/2 md:w-1\/3 xl:w-1\/2\">\n<div>Angolo di apertura dello sportello<\/div>\n<\/td>\n<td class=\"w-1\/2 md:w-2\/3 xl:w-1\/2\">115\u00b0<\/td>\n<\/tr>\n<tr class=\"w-full !opacity-100\">\n<td class=\"w-1\/2 md:w-1\/3 xl:w-1\/2\">\n<div>Guarnizione porta<\/div>\n<\/td>\n<td class=\"w-1\/2 md:w-2\/3 xl:w-1\/2\">sostituibile<\/td>\n<\/tr>\n<tr class=\"w-full !opacity-100\">\n<td class=\"w-1\/2 md:w-1\/3 xl:w-1\/2\">\n<div>Piedini di posizionamento regolabili in altezza<\/div>\n<\/td>\n<td class=\"w-1\/2 md:w-2\/3 xl:w-1\/2\">2<\/td>\n<\/tr>\n<tr class=\"w-full !opacity-100\">\n<td class=\"w-1\/2 md:w-1\/3 xl:w-1\/2\">\n<div>Manici per il trasporto<\/div>\n<\/td>\n<td class=\"w-1\/2 md:w-2\/3 xl:w-1\/2\">anteriore e posteriore<\/td>\n<\/tr>\n<tr class=\"w-full !opacity-100\">\n<td class=\"w-1\/2 md:w-1\/3 xl:w-1\/2\">\n<div>Rotelle posteriori per il trasporto<\/div>\n<\/td>\n<td class=\"w-1\/2 md:w-2\/3 xl:w-1\/2\">\u2714<\/td>\n<\/tr>\n<tr class=\"w-full !opacity-100\">\n<td class=\"w-1\/2 md:w-1\/3 xl:w-1\/2\">\n<div>Aerazione<\/div>\n<\/td>\n<td class=\"w-1\/2 md:w-2\/3 xl:w-1\/2\">aerazione frontale<\/td>\n<\/tr>\n<tr class=\"w-full !opacity-100\">\n<td class=\"w-1\/2 md:w-1\/3 xl:w-1\/2\">\n<div>Tipo di connettore<\/div>\n<\/td>\n<td class=\"w-1\/2 md:w-2\/3 xl:w-1\/2\">Euro<\/td>\n<\/tr>\n<tr class=\"w-full !opacity-100\">\n<td class=\"w-1\/2 md:w-1\/3 xl:w-1\/2\">\n<div>Cavo di collegamento (lunghezza)<\/div>\n<\/td>\n<td class=\"w-1\/2 md:w-2\/3 xl:w-1\/2\">2.000\u00a0mm<\/td>\n<\/tr>\n<\/tbody>\n<\/table>\n<table class=\"lh-table-module show-table-borders w-full table-fixed\">\n<tbody class=\"w-full\">\n<tr class=\"w-full !opacity-100\">\n<td class=\"w-1\/2 md:w-1\/3 xl:w-1\/2\">\n<div>Dimensioni esterne: altezza \/ larghezza \/ profondit\u00e0<\/div>\n<\/td>\n<td class=\"w-1\/2 md:w-2\/3 xl:w-1\/2\">201,5 \/ 59,7 \/ 67,5\u00a0cm<\/td>\n<\/tr>\n<tr class=\"w-full !opacity-100\">\n<td class=\"w-1\/2 md:w-1\/3 xl:w-1\/2\">\n<div>Dimensioni esterne: altezza \/ larghezza \/ profondit\u00e0 (con imballaggio)<\/div>\n<\/td>\n<td class=\"w-1\/2 md:w-2\/3 xl:w-1\/2\">2.087,0 \/ 623,0 \/ 772,0\u00a0mm<\/td>\n<\/tr>\n<tr class=\"w-full !opacity-100\">\n<td class=\"w-1\/2 md:w-1\/3 xl:w-1\/2\">\n<div>Peso (senza imballaggio)<\/div>\n<\/td>\n<td class=\"w-1\/2 md:w-2\/3 xl:w-1\/2\">94,40\u00a0kg<\/td>\n<\/tr>\n<tr class=\"w-full !opacity-100\">\n<td class=\"w-1\/2 md:w-1\/3 xl:w-1\/2\">\n<div>Peso (con imballaggio)<\/div>\n<\/td>\n<td class=\"w-1\/2 md:w-2\/3 xl:w-1\/2\">100,00\u00a0kg<\/td>\n<\/tr>\n<tr class=\"w-full !opacity-100\">\n<td class=\"w-1\/2 md:w-1\/3 xl:w-1\/2\">\n<div>Volume totale\u00a0\u00a0\u00a0 ***<\/div>\n<\/td>\n<td class=\"w-1\/2 md:w-2\/3 xl:w-1\/2\">362\u00a0l<\/td>\n<\/tr>\n<tr class=\"w-full !opacity-100\">\n<td class=\"w-1\/2 md:w-1\/3 xl:w-1\/2\">\n<div>Frigorifero<\/div>\n<\/td>\n<td class=\"w-1\/2 md:w-2\/3 xl:w-1\/2\">259\u00a0l<\/td>\n<\/tr>\n<tr class=\"w-full !opacity-100\">\n<td class=\"w-1\/2 md:w-1\/3 xl:w-1\/2\">\n<div>di cui BioFresh<\/div>\n<\/td>\n<td class=\"w-1\/2 md:w-2\/3 xl:w-1\/2\">98,7\u00a0l<\/td>\n<\/tr>\n<tr class=\"w-full !opacity-100\">\n<td class=\"w-1\/2 md:w-1\/3 xl:w-1\/2\">\n<div>Volume vani congelatore<\/div>\n<\/td>\n<td class=\"w-1\/2 md:w-2\/3 xl:w-1\/2\">104\u00a0l<\/td>\n<\/tr>\n<tr class=\"w-full !opacity-100\">\n<td class=\"w-1\/2 md:w-1\/3 xl:w-1\/2\">\n<div>di cui uno commutabile in cassetto frigorifero (VarioTemp)<\/div>\n<\/td>\n<td class=\"w-1\/2 md:w-2\/3 xl:w-1\/2\">103,80\u00a0l<\/td>\n<\/tr>\n<\/tbody>\n<\/table>\n<table class=\"lh-table-module show-table-borders w-full table-fixed\">\n<tbody class=\"w-full\">\n<tr class=\"w-full !opacity-100\">\n<td class=\"w-1\/2 md:w-1\/3 xl:w-1\/2\">\n<div>Intervallo della temperatura vano congelatore<\/div>\n<\/td>\n<td class=\"w-1\/2 md:w-2\/3 xl:w-1\/2\">-15 \u00b0C a -26 \u00b0C<\/td>\n<\/tr>\n<tr class=\"w-full !opacity-100\">\n<td class=\"w-1\/2 md:w-1\/3 xl:w-1\/2\">\n<div>Posizione vano congelatore<\/div>\n<\/td>\n<td class=\"w-1\/2 md:w-2\/3 xl:w-1\/2\">in basso<\/td>\n<\/tr>\n<tr class=\"w-full !opacity-100\">\n<td class=\"w-1\/2 md:w-1\/3 xl:w-1\/2\">\n<div>Sbrinamento<\/div>\n<\/td>\n<td class=\"w-1\/2 md:w-2\/3 xl:w-1\/2\">automatico<\/td>\n<\/tr>\n<tr class=\"w-full !opacity-100\">\n<td class=\"w-1\/2 md:w-1\/3 xl:w-1\/2\">\n<div>Capacit\u00e0 di congelazione 24h secondo GS **<\/div>\n<\/td>\n<td class=\"w-1\/2 md:w-2\/3 xl:w-1\/2\">10,00\u00a0kg \/ 24h<\/td>\n<\/tr>\n<tr class=\"w-full !opacity-100\">\n<td class=\"w-1\/2 md:w-1\/3 xl:w-1\/2\">\n<div>Cassetti vano congelatore<\/div>\n<\/td>\n<td class=\"w-1\/2 md:w-2\/3 xl:w-1\/2\">3<\/td>\n<\/tr>\n<tr class=\"w-full !opacity-100\">\n<td class=\"w-1\/2 md:w-1\/3 xl:w-1\/2\">\n<div>di cui su guide telescopiche<\/div>\n<\/td>\n<td class=\"w-1\/2 md:w-2\/3 xl:w-1\/2\">2<\/td>\n<\/tr>\n<tr class=\"w-full !opacity-100\">\n<td class=\"w-1\/2 md:w-1\/3 xl:w-1\/2\">\n<div>FrostSafe<\/div>\n<\/td>\n<td class=\"w-1\/2 md:w-2\/3 xl:w-1\/2\">Cassetti chiusi completamente con frontale trasparente<\/td>\n<\/tr>\n<tr class=\"w-full !opacity-100\">\n<td class=\"w-1\/2 md:w-1\/3 xl:w-1\/2\">\n<div>Sistema di estrazione cassetti vano congelatore<\/div>\n<\/td>\n<td class=\"w-1\/2 md:w-2\/3 xl:w-1\/2\">cassetti telescopici parzialmente estraibili<\/td>\n<\/tr>\n<tr class=\"w-full !opacity-100\">\n<td class=\"w-1\/2 md:w-1\/3 xl:w-1\/2\">\n<div>Illuminazione interna vano congelatore<\/div>\n<\/td>\n<td class=\"w-1\/2 md:w-2\/3 xl:w-1\/2\">Illuminazione LED nella porta<\/td>\n<\/tr>\n<tr class=\"w-full !opacity-100\">\n<td class=\"w-1\/2 md:w-1\/3 xl:w-1\/2\">\n<div>Porta vano congelatore 4 stelle<\/div>\n<\/td>\n<td class=\"w-1\/2 md:w-2\/3 xl:w-1\/2\">\u2014<\/td>\n<\/tr>\n<tr class=\"w-full !opacity-100\">\n<td class=\"w-1\/2 md:w-1\/3 xl:w-1\/2\">\n<div>VarioSpace<\/div>\n<\/td>\n<td class=\"w-1\/2 md:w-2\/3 xl:w-1\/2\">\u2714<\/td>\n<\/tr>\n<tr class=\"w-full !opacity-100\">\n<td class=\"w-1\/2 md:w-1\/3 xl:w-1\/2\">\n<div>Tipo di tubo flessibile<\/div>\n<\/td>\n<td class=\"w-1\/2 md:w-2\/3 xl:w-1\/2\">Tubo flessibile corazzato<\/td>\n<\/tr>\n<tr class=\"w-full !opacity-100\">\n<td class=\"w-1\/2 md:w-1\/3 xl:w-1\/2\">\n<div>Illuminazione cassetto IceMaker<\/div>\n<\/td>\n<td class=\"w-1\/2 md:w-2\/3 xl:w-1\/2\">\u2714<\/td>\n<\/tr>\n<tr class=\"w-full !opacity-100\">\n<td class=\"w-1\/2 md:w-1\/3 xl:w-1\/2\">\n<div>Produzione di cubetti di ghiaccio<\/div>\n<\/td>\n<td class=\"w-1\/2 md:w-2\/3 xl:w-1\/2\">1,20\u00a0kg \/ 24h<\/td>\n<\/tr>\n<tr class=\"w-full !opacity-100\">\n<td class=\"w-1\/2 md:w-1\/3 xl:w-1\/2\">\n<div>Riserva di ghiaccio<\/div>\n<\/td>\n<td class=\"w-1\/2 md:w-2\/3 xl:w-1\/2\">5,4\u00a0kg<\/td>\n<\/tr>\n<tr class=\"w-full !opacity-100\">\n<td class=\"w-1\/2 md:w-1\/3 xl:w-1\/2\">\n<div>EasyTwist-Ice<\/div>\n<\/td>\n<td class=\"w-1\/2 md:w-2\/3 xl:w-1\/2\">Nein<\/td>\n<\/tr>\n<tr class=\"w-full !opacity-100\">\n<td class=\"w-1\/2 md:w-1\/3 xl:w-1\/2\">\n<div>Bacinella per cubetti di ghiaccio<\/div>\n<\/td>\n<td class=\"w-1\/2 md:w-2\/3 xl:w-1\/2\">\u2014<\/td>\n<\/tr>\n<tr class=\"w-full !opacity-100\">\n<td class=\"w-1\/2 md:w-1\/3 xl:w-1\/2\">\n<div>Numero di bacinelle per cubetti di ghiaccio<\/div>\n<\/td>\n<td class=\"w-1\/2 md:w-2\/3 xl:w-1\/2\">0<\/td>\n<\/tr>\n<tr class=\"w-full !opacity-100\">\n<td class=\"w-1\/2 md:w-1\/3 xl:w-1\/2\">\n<div>Numero filtri dell&#8217;acqua<\/div>\n<\/td>\n<td class=\"w-1\/2 md:w-2\/3 xl:w-1\/2\">1<\/td>\n<\/tr>\n<tr class=\"w-full !opacity-100\">\n<td class=\"w-1\/2 md:w-1\/3 xl:w-1\/2\">\n<div>Numero di accumulatori di freddo<\/div>\n<\/td>\n<td class=\"w-1\/2 md:w-2\/3 xl:w-1\/2\">0<\/td>\n<\/tr>\n<tr class=\"w-full !opacity-100\">\n<td class=\"w-1\/2 md:w-1\/3 xl:w-1\/2\">\n<div>Vassoio di congelazione<\/div>\n<\/td>\n<td class=\"w-1\/2 md:w-2\/3 xl:w-1\/2\">0<\/td>\n<\/tr>\n<tr class=\"w-full !opacity-100\">\n<td class=\"w-1\/2 md:w-1\/3 xl:w-1\/2\">\n<div>Contrassegno stelle<\/div>\n<\/td>\n<td class=\"w-1\/2 md:w-2\/3 xl:w-1\/2\">4<\/td>\n<\/tr>\n<tr class=\"w-full !opacity-100\">\n<td class=\"w-1\/2 md:w-1\/3 xl:w-1\/2\">\n<div>Tempo di conservazione in caso di guasto secondo GS **<\/div>\n<\/td>\n<td class=\"w-1\/2 md:w-2\/3 xl:w-1\/2\">20,00\u00a0h<\/td>\n<\/tr>\n<tr class=\"w-full !opacity-100\">\n<td class=\"w-1\/2 md:w-1\/3 xl:w-1\/2\">\n<div>Linea di alimentazione dell&#8217;acqua<\/div>\n<\/td>\n<td class=\"w-1\/2 md:w-2\/3 xl:w-1\/2\">collegamento idrico fisso<\/td>\n<\/tr>\n<\/tbody>\n<\/table>\n<\/div>\n<\/div>\n<\/div>\n<\/section>\n<\/div>\n<\/section>\n<\/div>\n<\/div>\n<\/div>\n<\/div>\n<\/section>\n<\/section>\n<\/div>\n<\/div>\n","protected":false},"excerpt":{"rendered":"<div class=\"mb-4\">\n<div class=\"flex items-start justify-between gap-x-4 hyphens-auto\">\n<div class=\"min-w-0\">\n<h1 class=\"mb-2 flex-1 whitespace-normal break-words text-h3 xl:text-h1\">CBNstb 579i peak BioFresh NoFrost<\/h1>\n<p class=\"whitespace-normal break-words text-copy-small leading-6 md:text-copy md:leading-7 font-text-bold\">Combinazione frigorifero-congelatore con BioFresh Professional e NoFrost<\/p>\n<\/div>\n<\/div>\n<\/div>\n<ul class=\"mb-4\">\n<li class=\"\" data-testid=\"product-attribute\">\n<div class=\"flex gap-x-1\">\n<p class=\"md:flex-1 font-text text-copy-small leading-6 md:text-copy md:leading-7\"><span class=\"font-text-bold\">Dimensioni esterne: altezza \/ larghezza \/ profondit\u00e0 <\/span><span class=\"\">201,5 \/ 59,7 \/ 67,5\u00a0cm<\/span><\/p>\n<\/div>\n<\/li>\n<li class=\"\" data-testid=\"product-attribute\">\n<div class=\"flex gap-x-1\">\n<p class=\"md:flex-1 font-text text-copy-small leading-6 md:text-copy md:leading-7\"><span class=\"font-text-bold\">Volume totale\u00a0 \u00a0 <\/span><span class=\"\">362\u00a0l<\/span><\/p>\n<\/div>\n<\/li>\n<li class=\"\" data-testid=\"product-attribute\">\n<div class=\"flex gap-x-1\">\n<p class=\"md:flex-1 font-text text-copy-small leading-6 md:text-copy md:leading-7\"><span class=\"font-text-bold\">Rumorosit\u00e0 (potenza sonora)<\/span><span class=\"\">33\u00a0dB<\/span><\/p>\n<\/div>\n<\/li>\n<li class=\"\" data-testid=\"product-attribute\">\n<div class=\"flex gap-x-1\">\n<p class=\"md:flex-1 font-text text-copy-small leading-6 md:text-copy md:leading-7\"><span class=\"font-text-bold\">La soluzione di retem<\/span><span class=\"\">integrato stabilmente<\/span><\/p>\n<\/div>\n<\/li>\n<\/ul>","protected":false},"featured_media":51579,"template":"","meta":[],"product_brand":[],"product_cat":[108,107,88],"product_tag":[],"class_list":["post-51572","product","type-product","status-publish","has-post-thumbnail","product_cat-combinato","product_cat-frigoriferi","product_cat-grandi-elettrodomestici","pa_colore-acciaio-inox","pa_larghezza-60cm","pa_marca-liebherr","first","instock","sale","taxable","shipping-taxable","purchasable","product-type-simple"],"yoast_head":"<!-- This site is optimized with the Yoast SEO plugin v27.6 - https:\/\/yoast.com\/product\/yoast-seo-wordpress\/ -->\n<title>CBNstb 579i LIEBHERR Frigorifero Combinato - Morena Elettrodomestici<\/title>\n<meta name=\"description\" content=\"Acquista CBNstb 579i LIEBHERR Frigorifero Combinato su Morena Elettrodomestici. Il tuo Negozio di Fiducia online con prezzi competitivi e prodotti di alta qualit\u00e0!\" \/>\n<meta name=\"robots\" content=\"index, follow, max-snippet:-1, max-image-preview:large, max-video-preview:-1\" \/>\n<link rel=\"canonical\" href=\"https:\/\/www.morenaelettrodomestici.com\/en\/shop\/cbnstb-579i-liebherr-frigorifero-combinato\/\" \/>\n<meta property=\"og:locale\" content=\"en_GB\" \/>\n<meta property=\"og:type\" content=\"article\" \/>\n<meta property=\"og:title\" content=\"CBNstb 579i LIEBHERR Frigorifero Combinato - Morena Elettrodomestici\" \/>\n<meta property=\"og:description\" content=\"Acquista CBNstb 579i LIEBHERR Frigorifero Combinato su Morena Elettrodomestici. Il tuo Negozio di Fiducia online con prezzi competitivi e prodotti di alta qualit\u00e0!\" \/>\n<meta property=\"og:url\" content=\"https:\/\/www.morenaelettrodomestici.com\/en\/shop\/cbnstb-579i-liebherr-frigorifero-combinato\/\" \/>\n<meta property=\"og:site_name\" content=\"Morena Elettrodomestici\" \/>\n<meta property=\"article:publisher\" content=\"https:\/\/www.facebook.com\/morenaelettrodomestici\/\" \/>\n<meta property=\"article:modified_time\" content=\"2026-04-20T16:21:46+00:00\" \/>\n<meta property=\"og:image\" content=\"https:\/\/www.morenaelettrodomestici.com\/wp-content\/uploads\/2026\/04\/liebherr-frigorifero-combinato-a-libera-installazione-cbnstb-579i-finitura-smartsteel-da-60-cm-5.jpg\" \/>\n\t<meta property=\"og:image:width\" content=\"800\" \/>\n\t<meta property=\"og:image:height\" content=\"800\" \/>\n\t<meta property=\"og:image:type\" content=\"image\/jpeg\" \/>\n<meta name=\"twitter:card\" content=\"summary_large_image\" \/>\n<meta name=\"twitter:label1\" content=\"Estimated reading time\" \/>\n\t<meta name=\"twitter:data1\" content=\"15 minutes\" \/>\n<script type=\"application\/ld+json\" class=\"yoast-schema-graph\">{\"@context\":\"https:\\\/\\\/schema.org\",\"@graph\":[{\"@type\":\"WebPage\",\"@id\":\"https:\\\/\\\/www.morenaelettrodomestici.com\\\/shop\\\/cbnstb-579i-liebherr-frigorifero-combinato\\\/\",\"url\":\"https:\\\/\\\/www.morenaelettrodomestici.com\\\/shop\\\/cbnstb-579i-liebherr-frigorifero-combinato\\\/\",\"name\":\"CBNstb 579i LIEBHERR Frigorifero Combinato - Morena Elettrodomestici\",\"isPartOf\":{\"@id\":\"https:\\\/\\\/www.morenaelettrodomestici.com\\\/#website\"},\"primaryImageOfPage\":{\"@id\":\"https:\\\/\\\/www.morenaelettrodomestici.com\\\/shop\\\/cbnstb-579i-liebherr-frigorifero-combinato\\\/#primaryimage\"},\"image\":{\"@id\":\"https:\\\/\\\/www.morenaelettrodomestici.com\\\/shop\\\/cbnstb-579i-liebherr-frigorifero-combinato\\\/#primaryimage\"},\"thumbnailUrl\":\"https:\\\/\\\/www.morenaelettrodomestici.com\\\/wp-content\\\/uploads\\\/2026\\\/04\\\/liebherr-frigorifero-combinato-a-libera-installazione-cbnstb-579i-finitura-smartsteel-da-60-cm-5.jpg\",\"datePublished\":\"2026-04-20T16:14:55+00:00\",\"dateModified\":\"2026-04-20T16:21:46+00:00\",\"description\":\"Acquista CBNstb 579i LIEBHERR Frigorifero Combinato su Morena Elettrodomestici. Il tuo Negozio di Fiducia online con prezzi competitivi e prodotti di alta qualit\u00e0!\",\"breadcrumb\":{\"@id\":\"https:\\\/\\\/www.morenaelettrodomestici.com\\\/shop\\\/cbnstb-579i-liebherr-frigorifero-combinato\\\/#breadcrumb\"},\"inLanguage\":\"en-GB\",\"potentialAction\":[{\"@type\":\"ReadAction\",\"target\":[\"https:\\\/\\\/www.morenaelettrodomestici.com\\\/shop\\\/cbnstb-579i-liebherr-frigorifero-combinato\\\/\"]}]},{\"@type\":\"ImageObject\",\"inLanguage\":\"en-GB\",\"@id\":\"https:\\\/\\\/www.morenaelettrodomestici.com\\\/shop\\\/cbnstb-579i-liebherr-frigorifero-combinato\\\/#primaryimage\",\"url\":\"https:\\\/\\\/www.morenaelettrodomestici.com\\\/wp-content\\\/uploads\\\/2026\\\/04\\\/liebherr-frigorifero-combinato-a-libera-installazione-cbnstb-579i-finitura-smartsteel-da-60-cm-5.jpg\",\"contentUrl\":\"https:\\\/\\\/www.morenaelettrodomestici.com\\\/wp-content\\\/uploads\\\/2026\\\/04\\\/liebherr-frigorifero-combinato-a-libera-installazione-cbnstb-579i-finitura-smartsteel-da-60-cm-5.jpg\",\"width\":800,\"height\":800},{\"@type\":\"BreadcrumbList\",\"@id\":\"https:\\\/\\\/www.morenaelettrodomestici.com\\\/shop\\\/cbnstb-579i-liebherr-frigorifero-combinato\\\/#breadcrumb\",\"itemListElement\":[{\"@type\":\"ListItem\",\"position\":1,\"name\":\"Home\",\"item\":\"https:\\\/\\\/www.morenaelettrodomestici.com\\\/\"},{\"@type\":\"ListItem\",\"position\":2,\"name\":\"Shop\",\"item\":\"https:\\\/\\\/www.morenaelettrodomestici.com\\\/shop\\\/\"},{\"@type\":\"ListItem\",\"position\":3,\"name\":\"CBNstb 579i LIEBHERR Frigorifero Combinato\"}]},{\"@type\":\"WebSite\",\"@id\":\"https:\\\/\\\/www.morenaelettrodomestici.com\\\/#website\",\"url\":\"https:\\\/\\\/www.morenaelettrodomestici.com\\\/\",\"name\":\"Morena\",\"description\":\"I migliori elettrodomestici a prezzi folli\",\"publisher\":{\"@id\":\"https:\\\/\\\/www.morenaelettrodomestici.com\\\/#organization\"},\"potentialAction\":[{\"@type\":\"SearchAction\",\"target\":{\"@type\":\"EntryPoint\",\"urlTemplate\":\"https:\\\/\\\/www.morenaelettrodomestici.com\\\/?s={search_term_string}\"},\"query-input\":{\"@type\":\"PropertyValueSpecification\",\"valueRequired\":true,\"valueName\":\"search_term_string\"}}],\"inLanguage\":\"en-GB\"},{\"@type\":\"Organization\",\"@id\":\"https:\\\/\\\/www.morenaelettrodomestici.com\\\/#organization\",\"name\":\"Morena Elettrodomestici\",\"url\":\"https:\\\/\\\/www.morenaelettrodomestici.com\\\/\",\"logo\":{\"@type\":\"ImageObject\",\"inLanguage\":\"en-GB\",\"@id\":\"https:\\\/\\\/www.morenaelettrodomestici.com\\\/#\\\/schema\\\/logo\\\/image\\\/\",\"url\":\"https:\\\/\\\/www.morenaelettrodomestici.com\\\/wp-content\\\/uploads\\\/2024\\\/05\\\/logo_Morena_srls-TRASPARENTE.png\",\"contentUrl\":\"https:\\\/\\\/www.morenaelettrodomestici.com\\\/wp-content\\\/uploads\\\/2024\\\/05\\\/logo_Morena_srls-TRASPARENTE.png\",\"width\":2264,\"height\":718,\"caption\":\"Morena Elettrodomestici\"},\"image\":{\"@id\":\"https:\\\/\\\/www.morenaelettrodomestici.com\\\/#\\\/schema\\\/logo\\\/image\\\/\"},\"sameAs\":[\"https:\\\/\\\/www.facebook.com\\\/morenaelettrodomestici\\\/\",\"https:\\\/\\\/www.instagram.com\\\/morena.elettrodomestici\\\/\",\"https:\\\/\\\/www.linkedin.com\\\/company-beta\\\/10507375\\\/\",\"https:\\\/\\\/www.youtube.com\\\/channel\\\/UCgdTfdgRUeVEnhI2Z4GRlFA\"]}]}<\/script>\n<!-- \/ Yoast SEO plugin. -->","yoast_head_json":{"title":"CBNstb 579i LIEBHERR Frigorifero Combinato - Morena Elettrodomestici","description":"Acquista CBNstb 579i LIEBHERR Frigorifero Combinato su Morena Elettrodomestici. Il tuo Negozio di Fiducia online con prezzi competitivi e prodotti di alta qualit\u00e0!","robots":{"index":"index","follow":"follow","max-snippet":"max-snippet:-1","max-image-preview":"max-image-preview:large","max-video-preview":"max-video-preview:-1"},"canonical":"https:\/\/www.morenaelettrodomestici.com\/en\/shop\/cbnstb-579i-liebherr-frigorifero-combinato\/","og_locale":"en_GB","og_type":"article","og_title":"CBNstb 579i LIEBHERR Frigorifero Combinato - Morena Elettrodomestici","og_description":"Acquista CBNstb 579i LIEBHERR Frigorifero Combinato su Morena Elettrodomestici. Il tuo Negozio di Fiducia online con prezzi competitivi e prodotti di alta qualit\u00e0!","og_url":"https:\/\/www.morenaelettrodomestici.com\/en\/shop\/cbnstb-579i-liebherr-frigorifero-combinato\/","og_site_name":"Morena Elettrodomestici","article_publisher":"https:\/\/www.facebook.com\/morenaelettrodomestici\/","article_modified_time":"2026-04-20T16:21:46+00:00","og_image":[{"width":800,"height":800,"url":"https:\/\/www.morenaelettrodomestici.com\/wp-content\/uploads\/2026\/04\/liebherr-frigorifero-combinato-a-libera-installazione-cbnstb-579i-finitura-smartsteel-da-60-cm-5.jpg","type":"image\/jpeg"}],"twitter_card":"summary_large_image","twitter_misc":{"Estimated reading time":"15 minutes"},"schema":{"@context":"https:\/\/schema.org","@graph":[{"@type":"WebPage","@id":"https:\/\/www.morenaelettrodomestici.com\/shop\/cbnstb-579i-liebherr-frigorifero-combinato\/","url":"https:\/\/www.morenaelettrodomestici.com\/shop\/cbnstb-579i-liebherr-frigorifero-combinato\/","name":"CBNstb 579i LIEBHERR Frigorifero Combinato - Morena Elettrodomestici","isPartOf":{"@id":"https:\/\/www.morenaelettrodomestici.com\/#website"},"primaryImageOfPage":{"@id":"https:\/\/www.morenaelettrodomestici.com\/shop\/cbnstb-579i-liebherr-frigorifero-combinato\/#primaryimage"},"image":{"@id":"https:\/\/www.morenaelettrodomestici.com\/shop\/cbnstb-579i-liebherr-frigorifero-combinato\/#primaryimage"},"thumbnailUrl":"https:\/\/www.morenaelettrodomestici.com\/wp-content\/uploads\/2026\/04\/liebherr-frigorifero-combinato-a-libera-installazione-cbnstb-579i-finitura-smartsteel-da-60-cm-5.jpg","datePublished":"2026-04-20T16:14:55+00:00","dateModified":"2026-04-20T16:21:46+00:00","description":"Acquista CBNstb 579i LIEBHERR Frigorifero Combinato su Morena Elettrodomestici. Il tuo Negozio di Fiducia online con prezzi competitivi e prodotti di alta qualit\u00e0!","breadcrumb":{"@id":"https:\/\/www.morenaelettrodomestici.com\/shop\/cbnstb-579i-liebherr-frigorifero-combinato\/#breadcrumb"},"inLanguage":"en-GB","potentialAction":[{"@type":"ReadAction","target":["https:\/\/www.morenaelettrodomestici.com\/shop\/cbnstb-579i-liebherr-frigorifero-combinato\/"]}]},{"@type":"ImageObject","inLanguage":"en-GB","@id":"https:\/\/www.morenaelettrodomestici.com\/shop\/cbnstb-579i-liebherr-frigorifero-combinato\/#primaryimage","url":"https:\/\/www.morenaelettrodomestici.com\/wp-content\/uploads\/2026\/04\/liebherr-frigorifero-combinato-a-libera-installazione-cbnstb-579i-finitura-smartsteel-da-60-cm-5.jpg","contentUrl":"https:\/\/www.morenaelettrodomestici.com\/wp-content\/uploads\/2026\/04\/liebherr-frigorifero-combinato-a-libera-installazione-cbnstb-579i-finitura-smartsteel-da-60-cm-5.jpg","width":800,"height":800},{"@type":"BreadcrumbList","@id":"https:\/\/www.morenaelettrodomestici.com\/shop\/cbnstb-579i-liebherr-frigorifero-combinato\/#breadcrumb","itemListElement":[{"@type":"ListItem","position":1,"name":"Home","item":"https:\/\/www.morenaelettrodomestici.com\/"},{"@type":"ListItem","position":2,"name":"Shop","item":"https:\/\/www.morenaelettrodomestici.com\/shop\/"},{"@type":"ListItem","position":3,"name":"CBNstb 579i LIEBHERR Frigorifero Combinato"}]},{"@type":"WebSite","@id":"https:\/\/www.morenaelettrodomestici.com\/#website","url":"https:\/\/www.morenaelettrodomestici.com\/","name":"Morena","description":"I migliori elettrodomestici a prezzi folli","publisher":{"@id":"https:\/\/www.morenaelettrodomestici.com\/#organization"},"potentialAction":[{"@type":"SearchAction","target":{"@type":"EntryPoint","urlTemplate":"https:\/\/www.morenaelettrodomestici.com\/?s={search_term_string}"},"query-input":{"@type":"PropertyValueSpecification","valueRequired":true,"valueName":"search_term_string"}}],"inLanguage":"en-GB"},{"@type":"Organization","@id":"https:\/\/www.morenaelettrodomestici.com\/#organization","name":"Morena Elettrodomestici","url":"https:\/\/www.morenaelettrodomestici.com\/","logo":{"@type":"ImageObject","inLanguage":"en-GB","@id":"https:\/\/www.morenaelettrodomestici.com\/#\/schema\/logo\/image\/","url":"https:\/\/www.morenaelettrodomestici.com\/wp-content\/uploads\/2024\/05\/logo_Morena_srls-TRASPARENTE.png","contentUrl":"https:\/\/www.morenaelettrodomestici.com\/wp-content\/uploads\/2024\/05\/logo_Morena_srls-TRASPARENTE.png","width":2264,"height":718,"caption":"Morena Elettrodomestici"},"image":{"@id":"https:\/\/www.morenaelettrodomestici.com\/#\/schema\/logo\/image\/"},"sameAs":["https:\/\/www.facebook.com\/morenaelettrodomestici\/","https:\/\/www.instagram.com\/morena.elettrodomestici\/","https:\/\/www.linkedin.com\/company-beta\/10507375\/","https:\/\/www.youtube.com\/channel\/UCgdTfdgRUeVEnhI2Z4GRlFA"]}]}},"_links":{"self":[{"href":"https:\/\/www.morenaelettrodomestici.com\/en\/wp-json\/wp\/v2\/product\/51572","targetHints":{"allow":["GET"]}}],"collection":[{"href":"https:\/\/www.morenaelettrodomestici.com\/en\/wp-json\/wp\/v2\/product"}],"about":[{"href":"https:\/\/www.morenaelettrodomestici.com\/en\/wp-json\/wp\/v2\/types\/product"}],"version-history":[{"count":0,"href":"https:\/\/www.morenaelettrodomestici.com\/en\/wp-json\/wp\/v2\/product\/51572\/revisions"}],"wp:featuredmedia":[{"embeddable":true,"href":"https:\/\/www.morenaelettrodomestici.com\/en\/wp-json\/wp\/v2\/media\/51579"}],"wp:attachment":[{"href":"https:\/\/www.morenaelettrodomestici.com\/en\/wp-json\/wp\/v2\/media?parent=51572"}],"wp:term":[{"taxonomy":"product_brand","embeddable":true,"href":"https:\/\/www.morenaelettrodomestici.com\/en\/wp-json\/wp\/v2\/product_brand?post=51572"},{"taxonomy":"product_cat","embeddable":true,"href":"https:\/\/www.morenaelettrodomestici.com\/en\/wp-json\/wp\/v2\/product_cat?post=51572"},{"taxonomy":"product_tag","embeddable":true,"href":"https:\/\/www.morenaelettrodomestici.com\/en\/wp-json\/wp\/v2\/product_tag?post=51572"}],"curies":[{"name":"wp","href":"https:\/\/api.w.org\/{rel}","templated":true}]}}